{"id":18779,"date":"2024-08-15T08:23:06","date_gmt":"2024-08-15T08:23:06","guid":{"rendered":"https:\/\/2023.re-check.ch\/?page_id=18779"},"modified":"2024-11-29T16:18:38","modified_gmt":"2024-11-29T16:18:38","slug":"nos-publications","status":"publish","type":"page","link":"https:\/\/www.re-check.ch\/fr\/resources\/nos-publications\/","title":{"rendered":"Nos publications"},"content":{"rendered":"\n<div class=\"wp-block-columns mb50 is-layout-flex wp-container-core-columns-is-layout-1 wp-block-columns-is-layout-flex\">\n<div class=\"wp-block-column is-layout-flow wp-block-column-is-layout-flow\">\n<figure class=\"wp-block-image size-full\"><a href=\"https:\/\/www.re-check.ch\/wp-content\/uploads\/2024\/02\/Our-PublicationsBy-detait-Unplash-e1723710160871.jpg\"><img loading=\"lazy\" decoding=\"async\" width=\"640\" height=\"568\" src=\"https:\/\/www.re-check.ch\/wp-content\/uploads\/2024\/02\/Our-PublicationsBy-detait-Unplash-e1723710160871.jpg\" alt=\"\" class=\"wp-image-18451\" srcset=\"https:\/\/www.re-check.ch\/wp-content\/uploads\/2024\/02\/Our-PublicationsBy-detait-Unplash-e1723710160871.jpg 640w, https:\/\/www.re-check.ch\/wp-content\/uploads\/2024\/02\/Our-PublicationsBy-detait-Unplash-e1723710160871-300x266.jpg 300w\" sizes=\"(max-width: 640px) 100vw, 640px\" \/><\/a><\/figure>\n<\/div>\n\n\n\n<div class=\"wp-block-column is-layout-flow wp-block-column-is-layout-flow\">\n<p>S&rsquo;immerger dans un sujet qui rel\u00e8ve du domaine de la sant\u00e9 et de la m\u00e9decine est un exercice chronophage. Nos publications s\u2019appuient sur des recherches approfondies et pourvoient de nombreuses ressources et r\u00e9f\u00e9rences.<\/p>\n\n\n\n<p>Nous pr\u00e9f\u00e9rons publier en libre acc\u00e8s: nos contenus sont donc accessibles gratuitement sur ce site Internet et sur notre Substack. Notre licence Creative Commons autorise leur republication, \u00e0 condition que vous nous contactiez au pr\u00e9alable.<\/p>\n\n\n\n<p>Il nous arrive \u00e9galement de travailler comme contributrices r\u00e9mun\u00e9r\u00e9es pour d\u2019autres plateformes et d\u2019autres publications.<\/p>\n\n\n\n<p>Enfin, nous participons volontiers \u00e0 des projets collaboratifs et nous signons alors des contributions avec d\u2019autres journalistes d\u2019enqu\u00eates et d\u2019autres chercheurs acad\u00e9miques dans le cadre de publications collectives.<\/p>\n<\/div>\n<\/div>\n\n\n\n<p><strong>F\u00e9vrier 2024<\/strong> Nous avons contribu\u00e9 \u00e0 l\u2019ouvrage collectif \u00ab<a href=\"https:\/\/www.editionsfavre.com\/livres\/sans-diversite-de-vues-pas-de-journalisme\/\" target=\"_blank\" rel=\"noreferrer noopener\">Sans diversit\u00e9 de vue, pas de journalisme<\/a>\u00bb avec un chapitre original (\u00abLe\u00e7ons de la couverture Covid: les m\u00e9dias peuvent rendre fou\u00bb). Ce livre coordonn\u00e9 par Myret Zaki est paru aux Editions Favre. (Disponible <a href=\"https:\/\/www.re-check.ch\/wp-content\/uploads\/2024\/11\/2024-02_Re-Check_Lecons-de-la-couverture-Covid-1.pdf\" data-type=\"link\" data-id=\"https:\/\/www.re-check.ch\/wp-content\/uploads\/2024\/11\/2024-02_Re-Check_Lecons-de-la-couverture-Covid.pdf\" target=\"_blank\" rel=\"noreferrer noopener\">ici au format PDF<\/a>)<\/p>\n\n\n\n<p><strong>8 d\u00e9cembre 2021<\/strong> Catherine Riva et Serena Tinari ont publi\u00e9 dans The BMJ \u00ab<a href=\"http:\/\/Covid-19:%20Whatever%20happened%20to%20the%20Novavax%20vaccine?\" target=\"_blank\" rel=\"noreferrer noopener\">Covid-19: Whatever happened to the Novavax vaccine?<\/a>\u00bb. doi: <a href=\"https:\/\/doi.org\/10.1136\/bmj.n2965\" target=\"_blank\" rel=\"noreferrer noopener\">https:\/\/doi.org\/10.1136\/bmj.n2965<\/a>.<\/p>\n\n\n\n<p><strong>23 novembre 2021<\/strong> Publication en open access (trois \u00e9pisodes et une carte): \u00ab<a href=\"https:\/\/www.re-check.ch\/fr\/function-creep-certificats-covid-19-recapitulatif\/\" data-type=\"link\" data-id=\"https:\/\/www.re-check.ch\/fr\/function-creep-certificats-covid-19-recapitulatif\/\" target=\"_blank\" rel=\"noreferrer noopener\">\u2018Function creep\u2019 en mode pand\u00e9mique: l\u2019\u00e9trange cas des certificats Covid-19<\/a>\u00bb. Une enqu\u00eate men\u00e9e avec <a href=\"https:\/\/www.linkedin.com\/in\/jannes-van-roermund-59055158\/\" target=\"_blank\" rel=\"noreferrer noopener\">Jannes van Roermund<\/a>, journaliste d\u2019enqu\u00eate n\u00e9erlandais. Re-Check et <a href=\"https:\/\/www.ftm.nl\/artikelen\/internationale-digid-lobby?share=8LzmwQOBGmhlGlENbFEkrIFLRmTlbuLCY3sy940BqSB76dmO16O3fvRGgfQt\" target=\"_blank\" rel=\"noreferrer noopener\">Follow The Money<\/a>.<\/p>\n\n\n\n<p><strong>13 juillet 2021<\/strong> Catherine Riva et Serena Tinari ont publi\u00e9 dans The BMJ \u201c<a href=\"https:\/\/www.bmj.com\/content\/374\/bmj.n1737\" target=\"_blank\" rel=\"noreferrer noopener\">Donuts, drugs, booze, and guns: what governments are offering people to take covid-19 vaccines<\/a>\u201d. doi: <a href=\"https:\/\/doi.org\/10.1136\/bmj.n1737\" target=\"_blank\" rel=\"noreferrer noopener\">https:\/\/doi.org\/10.1136\/bmj.n1737<\/a><\/p>\n\n\n\n<p><strong>11 juin 2021<\/strong> Publication en open access: \u00ab<a href=\"https:\/\/www.re-check.ch\/fr\/certificat-covid\/\" data-type=\"link\" data-id=\"https:\/\/www.re-check.ch\/fr\/certificat-covid\/\" target=\"_blank\" rel=\"noreferrer noopener\">D\u00e9mocratie en mode pand\u00e9mique: l\u2019\u00e9trange cas du certificat COVID<\/a>\u00bb. Disponible en <a href=\"https:\/\/www.re-check.ch\/fr\/certificat-covid\/\" data-type=\"link\" data-id=\"https:\/\/www.re-check.ch\/fr\/certificat-covid\/\" target=\"_blank\" rel=\"noreferrer noopener\">fran\u00e7ais<\/a>, en <a href=\"https:\/\/www.re-check.ch\/en\/covid-certificate\/\" target=\"_blank\" rel=\"noreferrer noopener\">anglais<\/a> et en <a href=\"https:\/\/www.re-check.ch\/fr\/covid-zertifikat\/\" data-type=\"link\" data-id=\"https:\/\/www.re-check.ch\/fr\/covid-zertifikat\/\" target=\"_blank\" rel=\"noreferrer noopener\">allemand<\/a>. Re-Check.<\/p>\n\n\n\n<p><strong>10 March 2021<\/strong> Publication de l\u2019enqu\u00eate de Serena Tinari dans The BMJ <a href=\"https:\/\/www.bmj.com\/content\/372\/bmj.n627\" target=\"_blank\" rel=\"noreferrer noopener\">\u00abThe EMA covid-19 data leak, and what it tells us about mRNA instability<\/a>\u00bb. doi: <a href=\"https:\/\/doi.org\/10.1136\/bmj.n627\" target=\"_blank\" rel=\"noreferrer noopener\">https:\/\/doi.org\/10.1136\/bmj.n627<\/a>.<\/p>\n\n\n\n<p><strong>19 f\u00e9vrier 2021<\/strong> Catherine Riva and Serena Tinari ont publi\u00e9 en <a href=\"https:\/\/www.re-check.ch\/fr\/science-pandemique-task-force\/\" data-type=\"link\" data-id=\"https:\/\/www.re-check.ch\/fr\/science-pandemique-task-force\/\" target=\"_blank\" rel=\"noreferrer noopener\">fran\u00e7ais<\/a>, en <a href=\"https:\/\/www.re-check.ch\/en\/science-pandemic-task-force\/\" data-type=\"link\" data-id=\"https:\/\/www.re-check.ch\/en\/science-pandemic-task-force\/\" target=\"_blank\" rel=\"noreferrer noopener\">anglais<\/a> et en <a href=\"https:\/\/www.re-check.ch\/fr\/wissenschaft-pandemie-task-force\/\" data-type=\"link\" data-id=\"https:\/\/www.re-check.ch\/fr\/wissenschaft-pandemie-task-force\/\" target=\"_blank\" rel=\"noreferrer noopener\">allemand<\/a> une analyse et un commentaire sur le groupe d\u2019experts cens\u00e9s informer les d\u00e9cideurs suisses des preuves scientifique disponibles dans la gestion de la crise COVID-19: \u00ab<a href=\"https:\/\/www.re-check.ch\/fr\/science-pandemique-task-force\/\" target=\"_blank\" rel=\"noreferrer noopener\">Science en mode pand\u00e9mique: l\u2019\u00e9trange cas de la Swiss National COVID-19 Science Task Force<\/a>\u00bb. Re-Check.<\/p>\n\n\n\n<p><strong>2 d\u00e9cembre 2020<\/strong> Catherine Riva et Jean-Pierre Spinosa ont publi\u00e9 \u00ab<a href=\"https:\/\/www.jospi.org\/article\/18180-has-the-hpv-vaccine-approval-ushered-in-an-era-of-over-prevention\" target=\"_blank\" rel=\"noreferrer noopener\">Has the HPV vaccine approval ushered in an era of over-prevention?<\/a>\u00bb dans le <a href=\"https:\/\/www.jospi.org\/\" target=\"_blank\" rel=\"noreferrer noopener\">Journal of Scientific Practice and Integrity (JosPI)<\/a>. doi: <a href=\"https:\/\/doi.org\/10.35122\/001c.18180\" target=\"_blank\" rel=\"noreferrer noopener\">10.35122\/001c.18180<\/a>.<\/p>\n\n\n\n<p><strong>20 novembre 2020<\/strong> <a href=\"https:\/\/www.re-check.ch\/fr\/resources\/guide-gijn\/\" target=\"_blank\" rel=\"noreferrer noopener\">Publication<\/a> du guide \u00abEnqu\u00eate sur la sant\u00e9 et la m\u00e9decine\u00bb, dont la conception et la r\u00e9daction ont \u00e9t\u00e9 confi\u00e9es \u00e0 Re-Check par le Global Investigative Journalism Network (GIJN).<\/p>\n\n\n\n<p><strong>7 novembre 2020<\/strong> Publication en open access (diponible en <a href=\"https:\/\/www.re-check.ch\/fr\/soins-intensifs-satures\/\" data-type=\"link\" data-id=\"https:\/\/www.re-check.ch\/fr\/soins-intensifs-satures\/\" target=\"_blank\" rel=\"noreferrer noopener\">fran\u00e7ais<\/a> et en <a href=\"https:\/\/www.re-check.ch\/fr\/soins-intensifs-satures-d\/\" data-type=\"link\" data-id=\"https:\/\/www.re-check.ch\/fr\/soins-intensifs-satures-d\/\" target=\"_blank\" rel=\"noreferrer noopener\">allemand<\/a>) d&rsquo;une analyse et d&rsquo;un commentaire sur la mani\u00e8re dont les m\u00e9dias ont trait\u00e9 la question des taux d\u2019occupation des unit\u00e9s de soins intensifs en contexte COVID-19: \u00ab<a href=\"https:\/\/www.re-check.ch\/fr\/soins-intensifs-satures\/\" data-type=\"link\" data-id=\"https:\/\/www.re-check.ch\/fr\/soins-intensifs-satures\/\" target=\"_blank\" rel=\"noreferrer noopener\">Soins intensifs satur\u00e9s et appels \u00e0 l\u2019aide des h\u00f4pitaux: le journalisme pand\u00e9mique a encore frapp\u00e9<\/a>\u00bb. Re-Check.<\/p>\n\n\n\n<p><strong>22 April 2021<\/strong> Catherine Riva et Serena Tinari ont publi\u00e9 en <a href=\"https:\/\/www.re-check.ch\/fr\/journalisme-pandemique-embedded\/\" data-type=\"link\" data-id=\"https:\/\/www.re-check.ch\/fr\/journalisme-pandemique-embedded\/\" target=\"_blank\" rel=\"noreferrer noopener\">fran\u00e7ais<\/a>, en <a href=\"https:\/\/www.re-check.ch\/en\/journalism-pandemic-embedded\/\" data-type=\"link\" data-id=\"https:\/\/www.re-check.ch\/en\/journalism-pandemic-embedded\/\" target=\"_blank\" rel=\"noreferrer noopener\">anglais<\/a>, en <a href=\"https:\/\/www.re-check.ch\/en\/journalism-pandemic-embedded\/#deutsch\" target=\"_blank\" rel=\"noreferrer noopener\">allemand<\/a> et en <a href=\"https:\/\/www.re-check.ch\/wp-content\/uploads\/2020\/05\/2020-04-22_Re-Check_Journalism-pandemic-embedded_ITA.pdf\">italien<\/a> une analyse et un commentaire de la couverture m\u00e9dia en Suisse de la crise COVID-19: \u00ab<a href=\"https:\/\/www.re-check.ch\/fr\/journalisme-pandemique-embedded\/\" data-type=\"link\" data-id=\"https:\/\/www.re-check.ch\/fr\/journalisme-pandemique-embedded\/\" target=\"_blank\" rel=\"noreferrer noopener\">Le journalisme en mode pand\u00e9mique: \u00abembedded\u00bb, complaisant et incapable d\u2019informer le d\u00e9bat d\u00e9mocratique<\/a>\u00bb. Re-Check.<\/p>\n\n\n\n<p><strong>5 avril 2020<\/strong> Catherine Riva et Serena Tinari ont publi\u00e9 un \u00e9dito sur la couverture media en Suisse de la crise COVID-19: \u00ab<a href=\"https:\/\/www.re-check.ch\/fr\/medias-suisses-covid-19\/\" target=\"_blank\" rel=\"noreferrer noopener\">M\u00e9dias suisses et coronavirus: cesser de nourrir la peur<\/a>\u00bb. Re-Check et Antipresse.<\/p>\n\n\n\n<p><strong>10 d\u00e9cembre 2018<\/strong> Publication par la revue biom\u00e9dicale <a href=\"https:\/\/ebm.bmj.com\/content\/24\/2\/80.long\" target=\"_blank\" rel=\"noreferrer noopener\">BMJ-EBM<\/a> de \u00abLessons learnt on transparency, scientific process and publication ethics. The short story of a long journey to get into the public domain unpublished data, methodological flaws and bias of the Cochrane HPV vaccines review\u00bb. Par Catherine Riva, Jean-Pierre Spinosa et Serena Tinari.<\/p>\n\n\n\n<p><strong>20-22 ao\u00fbt 2018<\/strong> Pr\u00e9sentation du poster <a href=\"https:\/\/zenodo.org\/record\/2023152#.XWOS9q2B0UF\" target=\"_blank\" rel=\"noreferrer noopener\">Mapping Ghost Management in Medical Research and Public Health<\/a> de Catherine Riva et Serena Tinari. Preventing Overdiagnosis Conference <a href=\"https:\/\/www.preventingoverdiagnosis.net\/?page_id=1677\" target=\"_blank\" rel=\"noreferrer noopener\">#PODC2018<\/a>, Copenhague (DK). Publi\u00e9 par le BMJ-EBM sous le titre <a href=\"https:\/\/ebm.bmj.com\/content\/23\/Suppl_2\/A49.3\" target=\"_blank\" rel=\"noreferrer noopener\">Mapping ghost management in medical research and public health<\/a>. doi: <a href=\"https:\/\/doi.org\/10.1136\/bmjebm-2018-111070.105\" target=\"_blank\" rel=\"noreferrer noopener\">https:\/\/doi.org\/10.1136\/bmjebm-2018-111070.105<\/a> &nbsp;<\/p>\n\n\n\n<p class=\"back\"><a href=\"https:\/\/www.re-check.ch\/fr\/resources\/\" data-type=\"page\" data-id=\"18724\"><i class=\"icofont-rounded-left\"><\/i> retour<\/a><\/p>\n\n\n\n<p><\/p>\n","protected":false},"excerpt":{"rendered":"<p>S&rsquo;immerger dans un sujet qui rel\u00e8ve du domaine de la sant\u00e9 et de la m\u00e9decine est un exercice chronophage. Nos publications s\u2019appuient sur des recherches approfondies et pourvoient de nombreuses ressources et r\u00e9f\u00e9rences. Nous pr\u00e9f\u00e9rons publier en libre acc\u00e8s: nos contenus sont donc accessibles gratuitement sur ce site Internet et sur notre Substack. Notre licence<a class=\"excerpt-read-more\" href=\"https:\/\/www.re-check.ch\/fr\/resources\/nos-publications\/\" title=\"ReadNos publications\">&#8230; Read more &raquo;<\/a><\/p>\n","protected":false},"author":2,"featured_media":0,"parent":18724,"menu_order":0,"comment_status":"closed","ping_status":"closed","template":"template-full-width.php","meta":{"_acf_changed":false,"footnotes":""},"class_list":["post-18779","page","type-page","status-publish","hentry"],"acf":[],"_links":{"self":[{"href":"https:\/\/www.re-check.ch\/fr\/wp-json\/wp\/v2\/pages\/18779"}],"collection":[{"href":"https:\/\/www.re-check.ch\/fr\/wp-json\/wp\/v2\/pages"}],"about":[{"href":"https:\/\/www.re-check.ch\/fr\/wp-json\/wp\/v2\/types\/page"}],"author":[{"embeddable":true,"href":"https:\/\/www.re-check.ch\/fr\/wp-json\/wp\/v2\/users\/2"}],"replies":[{"embeddable":true,"href":"https:\/\/www.re-check.ch\/fr\/wp-json\/wp\/v2\/comments?post=18779"}],"version-history":[{"count":9,"href":"https:\/\/www.re-check.ch\/fr\/wp-json\/wp\/v2\/pages\/18779\/revisions"}],"predecessor-version":[{"id":20308,"href":"https:\/\/www.re-check.ch\/fr\/wp-json\/wp\/v2\/pages\/18779\/revisions\/20308"}],"up":[{"embeddable":true,"href":"https:\/\/www.re-check.ch\/fr\/wp-json\/wp\/v2\/pages\/18724"}],"wp:attachment":[{"href":"https:\/\/www.re-check.ch\/fr\/wp-json\/wp\/v2\/media?parent=18779"}],"curies":[{"name":"wp","href":"https:\/\/api.w.org\/{rel}","templated":true}]}}