{"id":18715,"date":"2024-05-22T10:16:35","date_gmt":"2024-05-22T10:16:35","guid":{"rendered":"https:\/\/2023.re-check.ch\/webinars\/"},"modified":"2025-01-21T12:11:41","modified_gmt":"2025-01-21T12:11:41","slug":"webinars","status":"publish","type":"page","link":"https:\/\/www.re-check.ch\/fr\/resources\/webinars\/","title":{"rendered":"Webinaires"},"content":{"rendered":"\n<div class=\"wp-block-columns is-layout-flex wp-container-core-columns-is-layout-1 wp-block-columns-is-layout-flex\">\n<div class=\"wp-block-column is-layout-flow wp-block-column-is-layout-flow\">\n<figure class=\"wp-block-image size-full\"><a href=\"https:\/\/www.re-check.ch\/wp-content\/uploads\/2024\/05\/webinar.jpg\"><img loading=\"lazy\" decoding=\"async\" width=\"653\" height=\"467\" src=\"https:\/\/www.re-check.ch\/wp-content\/uploads\/2024\/05\/webinar.jpg\" alt=\"\" class=\"wp-image-18710\" srcset=\"https:\/\/www.re-check.ch\/wp-content\/uploads\/2024\/05\/webinar.jpg 653w, https:\/\/www.re-check.ch\/wp-content\/uploads\/2024\/05\/webinar-300x215.jpg 300w\" sizes=\"(max-width: 653px) 100vw, 653px\" \/><\/a><\/figure>\n<\/div>\n\n\n\n<div class=\"wp-block-column is-layout-flow wp-block-column-is-layout-flow\">\n<p>Les webinaires se sont \u00e9tablis comme format pendant la p\u00e9riode des restrictions li\u00e9es \u00e0 la crise COVID-19 entre 2020 et 2022. Bas\u00e9es en Suisse, nous travaillons fr\u00e9quemment dans le cadre de collaborations internationales et nous participons comme formatrices \u00e0 ce genre d\u2019\u00e9v\u00e9nements en ligne. Vous trouverez ici une s\u00e9lection de nos pr\u00e9sentations disponibles sur le web en libre acc\u00e8s.<\/p>\n<\/div>\n<\/div>\n\n\n\n<div style=\"height:31px\" aria-hidden=\"true\" class=\"wp-block-spacer\"><\/div>\n\n\n\n<p><strong>2 et 4 d\u00e9cembre 2024<\/strong> Nous avons pr\u00e9sent\u00e9 notre guide \u00abGhost management \u00e0 l\u2019oeuvre: Guide pratique pour investiguer et cartographier les affaires de sant\u00e9\u00bb dans le cadre de deux webinaires, en fran\u00e7ais et en anglais. L\u2019enregistrement de notre pr\u00e9sentation en fran\u00e7ais \u00abGhost management. Une grille d\u2019analyse pour investiguer et cartographier les affaires de sant\u00e9\u00bb est disponible <a href=\"https:\/\/youtu.be\/goAtl-VvvLc?si=vhvxiNE_1ZkzUvyf\" target=\"_blank\" rel=\"noreferrer noopener\">ici<\/a>.<\/p>\n\n\n\n<p><strong>27-29 juin 2023<\/strong> Nous avons particip\u00e9 \u00e0 la 6<sup>th<\/sup> International Conference on Public Policy (6<sup>\u00e8me<\/sup> conf\u00e9rence internationale sur les politiques publiques) (ICPP6). L\u2019enregistrement de notre pr\u00e9sentation \u00abUnderstanding Ghost Management\u00bb (Comprendre le ghost management) est disponible en anglais <a href=\"https:\/\/carleton.ca\/ghostmanagement\/events-page-2-2\/\" target=\"_blank\" rel=\"noreferrer noopener\">ici<\/a>, avec les pr\u00e9sentations des autres membres de notre groupe de recherche.<\/p>\n\n\n\n<p><strong>27-29 avril 2022<\/strong> Nous avons particip\u00e9 au symposium \u00abAnalyzing ghost management: Dynamics of Corporate Power in a Risk Society\u00bb (Analyser le ghost management: dynamique du pouvoir des entreprises dans une soci\u00e9t\u00e9 du risque). L\u2019enregistrement de notre pr\u00e9sentation \u00abMapping Ghost Management at Work in the Biopharmaceutical Sector, Public Health, and the Surveillance-Industrial Complex\u00bb (Mappage du ghost management \u00e0 l\u2019\u0153uvre dans le secteur biopharmaceutique, la sant\u00e9 publique et le complexe de l\u2019industrie de la surveillance) est disponible <a href=\"https:\/\/carleton.ca\/ghostmanagement\/events-page-2\/\" target=\"_blank\" rel=\"noreferrer noopener\">ici<\/a> avec ceux des autres panels.<\/p>\n\n\n\n<p><strong>2-4 novembre 2021<\/strong> Dans le cadre de la conf\u00e9rence du R\u00e9seau Mondial du Journalisme d&rsquo;Investigation (GIJN), organis\u00e9e en ligne, Catherine Riva et Serena Tinari ont particip\u00e9 \u00e0 deux panels sur la sant\u00e9, tous deux disponibles en libre acc\u00e8s, en anglais: <a href=\"https:\/\/www.youtube.com\/watch?v=QnXLNfipEJI\" target=\"_blank\" rel=\"noreferrer noopener\">l\u2019un avec Fabiola Torres<\/a>, et <a href=\"https:\/\/www.youtube.com\/watch?v=-JNHJNHvKB8\" target=\"_blank\" rel=\"noreferrer noopener\">l\u2019autre avec Syed Nazakat<\/a>.<\/p>\n\n\n\n<p><strong>29 juin 2021<\/strong> Participation de Serena Tinari \u00e0 un webinaire du R\u00e9seau Mondial du Journalisme d&rsquo;Investigation (GIJN) \u00e0 l\u2019occasion du lancement de la version en espagnol du <a href=\"https:\/\/www.re-check.ch\/fr\/projets\/guide-gijn\/\" target=\"_blank\" rel=\"noreferrer noopener\">#GIJNHealthGuide \u00abEnqu\u00eater sur la Sant\u00e9 et la M\u00e9decine\u00bb<\/a> \u00e9crit par Re-Check. Intervenants: <a href=\"http:\/\/www.nogracias.org\/2021\/06\/29\/claves-en-investigacion-periodistica-sobre-salud-y-medicina-por-juan-gervas\/\" target=\"_blank\" rel=\"noreferrer noopener\">Juan Gervas<\/a>, <a href=\"https:\/\/saludconlupa.com\/\" target=\"_blank\" rel=\"noreferrer noopener\">Fabiola Torres<\/a>. Mod\u00e9ratrice: Andrea Arzaba, r\u00e9dactrice en chef du GIJN en espagnol. Vid\u00e9os disponibles <a href=\"https:\/\/www.youtube.com\/watch?v=37g0kDZ0i6s&amp;t=1s\" target=\"_blank\" rel=\"noreferrer noopener\">en espagnol<\/a>.<\/p>\n\n\n\n<p><strong>26 mai 2021<\/strong> Organisation par <a href=\"https:\/\/gijn.org\/gijn-en-francais\/\" target=\"_blank\" rel=\"noreferrer noopener\">GIJN en fran\u00e7ais<\/a> d\u2019un webinaire \u00e0 l\u2019occasion du lancement de la version en fran\u00e7ais du <a href=\"https:\/\/gijn.org\/enqueter-sur-la-sante-et-la-medecine\/\" target=\"_blank\" rel=\"noreferrer noopener\">#GIJNHealthGuide \u00abEnqu\u00eater sur la Sant\u00e9 et la M\u00e9decine\u00bb<\/a> r\u00e9dig\u00e9 par Re-Check: <a href=\"https:\/\/gijn.org\/2021\/05\/10\/sante-publique-enqueter-sur-linfluence-des-big-pharma\/\" target=\"_blank\" rel=\"noreferrer noopener\">\u00abSant\u00e9 publique: enqu\u00eater sur l\u2019influence des Big Pharma\u00bb<\/a>. Intervenants: Catherine Riva, Marc-Andr\u00e9 Gagnon, Han\u00e8ne Zbiss Zbiss et Anne Chailleu (<a href=\"https:\/\/formindep.fr\/\" target=\"_blank\" rel=\"noreferrer noopener\">Formindep<\/a>). Mod\u00e9ration: Marthe Rubio, journaliste responsable de la r\u00e9gion francophone chez GIJN. Des portes tournantes au <a href=\"https:\/\/www.re-check.ch\/fr\/projets\/ghoman-6\/\" data-type=\"link\" data-id=\"https:\/\/www.re-check.ch\/fr\/projets\/ghoman-6\/\" target=\"_blank\" rel=\"noreferrer noopener\">ghost management<\/a>, en passant par les enseignements de la recherche sur l\u2019influence, beaucoup de ressources et d\u2019informations pour une session riche. Enregistrement disponible <a href=\"https:\/\/youtu.be\/JnRR7HrZj0Q\" target=\"_blank\" rel=\"noreferrer noopener\">ici<\/a>.<\/p>\n\n\n\n<p><strong>6 mai 2021<\/strong> Pr\u00e9sentation en ligne de Catherine Riva sur les conflits d\u2019int\u00e9r\u00eats et le ghost management aux internes de m\u00e9decine g\u00e9n\u00e9rale en derni\u00e8re ann\u00e9e de la Facult\u00e9 de m\u00e9decine de l\u2019Universit\u00e9 de Saint-Etienne (F). Sur invitation du Pr Paul Frapp\u00e9 \u00e0 l\u2019occasion d\u2019une s\u00e9ance d\u2019enseignement autours des conflits d\u2019int\u00e9r\u00eat. <a href=\"https:\/\/www.re-check.ch\/wp-content\/uploads\/2024\/10\/2021-05-06_FacMed_St-Etienne.pdf\" data-type=\"link\" data-id=\"https:\/\/www.re-check.ch\/wp-content\/uploads\/2024\/10\/2021-05-06_FacMed_St-Etienne.pdf\" target=\"_blank\" rel=\"noreferrer noopener\">Pr\u00e9sentation disponible ici<\/a>.<\/p>\n\n\n\n<p><strong>19 mars 2021<\/strong> Participation de Re-Check \u00e0 <a href=\"https:\/\/www.disruptionlab.org\/behind-the-mask\" target=\"_blank\" rel=\"noreferrer noopener\">\u00abBehind The Mask. Whistleblowing During the Pandemic\u00bb<\/a> (Derri\u00e8re le masque. Donner l\u2019alerte en temps de pand\u00e9mie), une vid\u00e9oconf\u00e9rence gratuite retransmise en direct et organis\u00e9e par le Disruption Network Lab. Panel <a href=\"https:\/\/youtu.be\/lX0dVusLwwA\" target=\"_blank\" rel=\"noreferrer noopener\">\u00abDigging Deeper into Healthcare: The Vaccine Rollout, Pandemic Journalism &amp; Corruption\u00bb<\/a> (Creuser dans le domaine de la sant\u00e9 : lancement des vaccins, journalisme pand\u00e9mique et corruption) avec Serena Tinari, Alexander Nanau et Sarah Steingr\u00fcber, anim\u00e9 par Jonathan Cushing de Transparency International. Atelier avec Serena Tinari: <a href=\"https:\/\/www.disruptionlab.org\/event\/healthdata\" target=\"_blank\" rel=\"noreferrer noopener\">\u00abGet Your Numbers Straight: Making Sense of Health Data\u00bb<\/a> (Gare aux chiffres: comprendre les donn\u00e9es de sant\u00e9).<\/p>\n\n\n\n<p><strong>3 d\u00e9cembre 2020<\/strong> Serena Tinari a pr\u00e9sent\u00e9 avec <a href=\"https:\/\/www.bmj.com\/about-bmj\/editorial-staff\/peter-doshi\" target=\"_blank\" rel=\"noreferrer noopener\">Peter Doshi<\/a> un webinaire organis\u00e9 par le R\u00e9seau Mondial du Journalisme d&rsquo;Investigation (GIJN) et anim\u00e9 par St\u00e9phane Horel, journaliste d\u2019enqu\u00eate au Monde: \u00ab<a href=\"https:\/\/gijn.org\/2020\/11\/20\/gijn-webinar-investigating-the-pandemic-behind-the-covid-19-vaccine-race\/\" target=\"_blank\" rel=\"noreferrer noopener\">Investigating the pandemic: Behind the COVID-19 vaccine race<\/a>\u00bb (Enqu\u00eater sur la pand\u00e9mie: les coulisses de la course aux vaccins contre COVID-19). Vid\u00e9os (en anglais) disponibles <a href=\"https:\/\/www.youtube.com\/watch?v=2_zty-P-iV0\">ici<\/a>.<\/p>\n\n\n\n<p><strong>21 novembre 2020<\/strong> Participation de Catherine Riva et Serena Tinari au <a href=\"http:\/\/dataleads.co.in\/summit\" target=\"_blank\" rel=\"noreferrer noopener\">Misinformation in Medicine Summit<\/a> dans le cadre d\u2019un panel organis\u00e9 par le R\u00e9seau Mondial du Journalisme d&rsquo;Investigation (GIJN) et anim\u00e9 par Anne Koch, directrice de programme au GIJN: \u00ab<a href=\"https:\/\/gijn.org\/2020\/12\/01\/document-of-the-day-a-look-at-pfizers-vaccine-press-release\/\">Investigating health and medicine: strategies and tips for better reporting<\/a>\u00bb (Enqu\u00eater sur la sant\u00e9 et les sujets m\u00e9dicaux: strat\u00e9gies et conseils pour mieux couvrir ces sujets). Vid\u00e9os (en anglais) disponibles <a href=\"https:\/\/www.youtube.com\/watch?v=5FsmH4C4hvY\">ici<\/a>.<\/p>\n\n\n\n<p><strong>7 mai 2020<\/strong> Pr\u00e9sentation de Serena Tinari lors du webinaire <a href=\"https:\/\/gijn.org\/2020\/05\/13\/why-reporters-need-to-carefully-assess-the-evidence-on-covid-19\/\" target=\"_blank\" rel=\"noreferrer noopener\">\u00abEvaluating the Evidence\u00bb<\/a> (Evaluer les preuves) organis\u00e9 par le R\u00e9seau Mondial du Journalisme d&rsquo;Investigation (<a href=\"https:\/\/gijn.org\/\" target=\"_blank\" rel=\"noreferrer noopener\">GIJN<\/a>) dans le cadre de sa s\u00e9rie de webinaires <a href=\"https:\/\/gijn.org\/2020\/04\/02\/join-gijn-and-guests-for-our-webinar-series-investigating-the-pandemic\/\" target=\"_blank\" rel=\"noreferrer noopener\">\u00abInvestigating the Pandemic\u00bb<\/a> (Enqu\u00eater sur la pand\u00e9mie) Avec Tom Jefferson (\u00e9pid\u00e9miologiste clinique) et Carl Heneghan (professeur d\u2019Evidence-Based Medicine). Vid\u00e9os (en anglais) disponibles <a href=\"https:\/\/www.youtube.com\/watch?v=A7vLA7hQ5rI&amp;feature=\">ici<\/a>.<\/p>\n\n\n\n<p><strong>29 avril 2020<\/strong> Pr\u00e9sentation de Catherine Riva lors du webinaire <a href=\"https:\/\/gijn.org\/2020\/04\/23\/webinaire-comment-avoir-une-approche-scientifique\/\" target=\"_blank\" rel=\"noreferrer noopener\">\u00abJournalistes: comment avoir une approche scientifique?\u00bb<\/a> organis\u00e9 par le R\u00e9seau Mondial du Journalisme d&rsquo;Investigation (<a href=\"https:\/\/gijn.org\/gijn-en-francais\/\">GIJN en fran\u00e7ais<\/a>) dans le cadre de sa s\u00e9rie de webinaires <a href=\"https:\/\/gijn.org\/tag\/webinaire\/\" target=\"_blank\" rel=\"noreferrer noopener\">\u00abEnqu\u00eater sur la pand\u00e9mie\u00bb<\/a>. Avec Yvan Pandel\u00e9 de Heidi News. Vid\u00e9o disponible <a href=\"https:\/\/www.youtube.com\/watch?v=6-DOreme7EM\">ici<\/a>.<\/p>\n\n\n\n<p class=\"back\"><a href=\"https:\/\/www.re-check.ch\/fr\/resources\/\" data-type=\"page\" data-id=\"18724\"><i class=\"icofont-rounded-left\"><\/i> retour<\/a><\/p>\n","protected":false},"excerpt":{"rendered":"<p>Les webinaires se sont \u00e9tablis comme format pendant la p\u00e9riode des restrictions li\u00e9es \u00e0 la crise COVID-19 entre 2020 et 2022. Bas\u00e9es en Suisse, nous travaillons fr\u00e9quemment dans le cadre de collaborations internationales et nous participons comme formatrices \u00e0 ce genre d\u2019\u00e9v\u00e9nements en ligne. Vous trouverez ici une s\u00e9lection de nos pr\u00e9sentations disponibles sur le<a class=\"excerpt-read-more\" href=\"https:\/\/www.re-check.ch\/fr\/resources\/webinars\/\" title=\"ReadWebinaires\">&#8230; Read more &raquo;<\/a><\/p>\n","protected":false},"author":2,"featured_media":0,"parent":18724,"menu_order":0,"comment_status":"closed","ping_status":"closed","template":"template-full-width.php","meta":{"_acf_changed":false,"footnotes":""},"class_list":["post-18715","page","type-page","status-publish","hentry"],"acf":[],"_links":{"self":[{"href":"https:\/\/www.re-check.ch\/fr\/wp-json\/wp\/v2\/pages\/18715"}],"collection":[{"href":"https:\/\/www.re-check.ch\/fr\/wp-json\/wp\/v2\/pages"}],"about":[{"href":"https:\/\/www.re-check.ch\/fr\/wp-json\/wp\/v2\/types\/page"}],"author":[{"embeddable":true,"href":"https:\/\/www.re-check.ch\/fr\/wp-json\/wp\/v2\/users\/2"}],"replies":[{"embeddable":true,"href":"https:\/\/www.re-check.ch\/fr\/wp-json\/wp\/v2\/comments?post=18715"}],"version-history":[{"count":7,"href":"https:\/\/www.re-check.ch\/fr\/wp-json\/wp\/v2\/pages\/18715\/revisions"}],"predecessor-version":[{"id":20344,"href":"https:\/\/www.re-check.ch\/fr\/wp-json\/wp\/v2\/pages\/18715\/revisions\/20344"}],"up":[{"embeddable":true,"href":"https:\/\/www.re-check.ch\/fr\/wp-json\/wp\/v2\/pages\/18724"}],"wp:attachment":[{"href":"https:\/\/www.re-check.ch\/fr\/wp-json\/wp\/v2\/media?parent=18715"}],"curies":[{"name":"wp","href":"https:\/\/api.w.org\/{rel}","templated":true}]}}