{"id":18704,"date":"2024-05-22T10:12:30","date_gmt":"2024-05-22T10:12:30","guid":{"rendered":"https:\/\/2023.re-check.ch\/speeches\/"},"modified":"2024-10-28T12:33:07","modified_gmt":"2024-10-28T12:33:07","slug":"speeches","status":"publish","type":"page","link":"https:\/\/www.re-check.ch\/fr\/resources\/speeches\/","title":{"rendered":"Conf\u00e9rences"},"content":{"rendered":"\n<div class=\"wp-block-columns is-layout-flex wp-container-core-columns-is-layout-1 wp-block-columns-is-layout-flex\">\n<div class=\"wp-block-column is-layout-flow wp-block-column-is-layout-flow\">\n<figure class=\"wp-block-image size-full\"><a href=\"https:\/\/www.re-check.ch\/wp-content\/uploads\/2024\/05\/speeches.jpg\"><img loading=\"lazy\" decoding=\"async\" width=\"837\" height=\"678\" src=\"https:\/\/www.re-check.ch\/wp-content\/uploads\/2024\/05\/speeches.jpg\" alt=\"\" class=\"wp-image-18699\" srcset=\"https:\/\/www.re-check.ch\/wp-content\/uploads\/2024\/05\/speeches.jpg 837w, https:\/\/www.re-check.ch\/wp-content\/uploads\/2024\/05\/speeches-300x243.jpg 300w, https:\/\/www.re-check.ch\/wp-content\/uploads\/2024\/05\/speeches-768x622.jpg 768w\" sizes=\"(max-width: 837px) 100vw, 837px\" \/><\/a><\/figure>\n<\/div>\n\n\n\n<div class=\"wp-block-column is-layout-flow wp-block-column-is-layout-flow\">\n<p>Nous sommes r\u00e9guli\u00e8rement invit\u00e9es \u00e0 venir pr\u00e9senter notre travail au public et \u00e0 participer \u00e0 des conf\u00e9rences, en Suisse et ailleurs. A l&rsquo;occasion de ces manifestations, nous abordons les sujets qui sont au c\u0153ur de la mission de Re-Check: comment enqu\u00eater sur la sant\u00e9 et la m\u00e9decine; comment \u00e9valuer des \u00e9tudes cliniques et des documents r\u00e9glementaires de mani\u00e8re critique; o\u00f9 trouver les meilleures preuves disponibles sur les m\u00e9dicaments, les vaccins et autres interventions m\u00e9dicales; comment identifier et mettre en perspective les conflits d\u2019int\u00e9r\u00eats non divulgu\u00e9s et que faire des conflits d\u2019int\u00e9r\u00eats d\u00e9clar\u00e9s; le ghost management et le mappage des affaires de sant\u00e9.<\/p>\n<\/div>\n<\/div>\n\n\n\n<div style=\"height:31px\" aria-hidden=\"true\" class=\"wp-block-spacer\"><\/div>\n\n\n\n<p><strong>28 juin 2023<\/strong> Nous avons particip\u00e9 \u00e0 la 6<sup>th<\/sup> International Conference on Public Policy (ICPP6). L\u2019enregistrement de notre pr\u00e9sentation \u201cGhost management at work. How to investigate and map health affairs\u201d (Ghost management \u00e0 l&rsquo;\u0153uvre. Comment investiguer et cartographier les affaires de sant\u00e9) est disponible <a href=\"https:\/\/carleton.ca\/ghostmanagement\/events-page-2-2\/-2\/\" target=\"_blank\" rel=\"noreferrer noopener\">ici<\/a> avec ceux des autres panels.<\/p>\n\n\n\n<p><strong>21-25 novembre 2022<\/strong> Re-Check a particip\u00e9 avec un panel au congr\u00e8s international \u00ab<a href=\"https:\/\/www.libera-scelta.it\/policovid22\/\" target=\"_blank\" rel=\"noreferrer noopener\">POLI-COVID-22<\/a><em> <\/em>Salute, Scienza e Societ\u00e0 alla prova della pandemia\u00bb, (Sant\u00e9, science et soci\u00e9t\u00e9 \u00e0 l\u2019\u00e9preuve de la pand\u00e9mie), qui a eu lieu \u00e0 Turin (Italie). Parmi les intervenants internationaux: John Ioannidis, Tom Jefferson, Peter Doshi, Sunetra Gupta. Disponible en ligne en acc\u00e8s libre: <a href=\"https:\/\/www.libera-scelta.it\/policovid22\/wp-content\/uploads\/2022\/11\/Programma-relatori-e-titoli.pdf\" target=\"_blank\" rel=\"noreferrer noopener\">programm<\/a>e et <a href=\"https:\/\/www.youtube.com\/playlist?list=PLrNskk-dIPmL-LEwC63mBQE-OP2CqfUpo\" target=\"_blank\" rel=\"noreferrer noopener\">enregistrements<\/a>.<\/p>\n\n\n\n<p><strong>Octobre 2022<\/strong> Serena Tinari a particip\u00e9 \u00e0 la Conf\u00e9rence \u00abPandemia &amp; (Dis)Informazione\u00bb (Pand\u00e9mie et (d\u00e9s)information) organis\u00e9e par le <a href=\"https:\/\/www.comitatoradiotv.it\/\" target=\"_blank\" rel=\"noreferrer noopener\">Comitato<\/a> di Mutuo Appoggio Lavoratori Radio-TV. Enregistrement disponible <a href=\"https:\/\/www.youtube.com\/watch?v=OtaZNWUHrvk\">ici<\/a>. \u00a0<\/p>\n\n\n\n<p><strong>22 juin 2022<\/strong> Nous avons ouvert avec une allocution liminaire le module de formation pour les journalistes italiens \u00ab<a href=\"https:\/\/www.inmp.it\/ita\/Formazione\/Corsi-per-giornalisti\/Le-mie-evidenze-le-tue-evidenze-e-le-evidenze\" target=\"_blank\" rel=\"noreferrer noopener\">Le mie evidenze, le tue evidenze e le evidenze<\/a><em>\u00bb<\/em> (Mes preuves, tes preuves et les preuves), organis\u00e9 par <a href=\"https:\/\/www.inmp.it\/ita\/Chi-Siamo\" target=\"_blank\" rel=\"noreferrer noopener\">INMP\/NIHP<\/a> avec le patronage de l\u2019<a href=\"https:\/\/www.odg.it\/\" target=\"_blank\" rel=\"noreferrer noopener\">Ordine dei Giornalisti italiani<\/a> (Conseil national italien du journalisme). Les enregistrements sont disponibles <a href=\"https:\/\/www.inmp.it\/ita\/Formazione\/Corsi-per-giornalisti\/Le-mie-evidenze-le-tue-evidenze-e-le-evidenze\/Video-interventi\" target=\"_blank\" rel=\"noreferrer noopener\">ici<\/a>.<\/p>\n\n\n\n<p><strong>7 mai 2022<\/strong> Serena Tinari a \u00e9t\u00e9 key note speaker pour le <a href=\"https:\/\/www.usi.ch\/en\/feeds\/20434\" target=\"_blank\" rel=\"noreferrer noopener\">Dies Academicus de l\u2019Universit\u00e9 USI<\/a> \u00e0 Lugano (CH). Son allocution: \u00abJournalism, academia and society. In crisis mode\u00bb (Journalisme, acad\u00e9mie et soci\u00e9t\u00e9. En mode de crise).<\/p>\n\n\n\n<p><strong>27-29 avril 2022<\/strong> Nous avons particip\u00e9 au symposium \u00abAnalyzing ghost management: Dynamics of Corporate Power in a Risk Society\u00bb (Analyser le ghost management: dynamique du pouvoir des entreprises dans une soci\u00e9t\u00e9 du risque). L\u2019enregistrement de notre pr\u00e9sentation \u00abMapping Ghost Management at Work in the Biopharmaceutical Sector, Public Health, and the Surveillance-Industrial Complex\u00bb (Mappage du ghost management \u00e0 l\u2019\u0153uvre dans le secteur biopharmaceutique, la sant\u00e9 publique et le complexe de l\u2019industrie de la surveillance) est disponible <a href=\"https:\/\/carleton.ca\/ghostmanagement\/events-page-2\/\" target=\"_blank\" rel=\"noreferrer noopener\">ici<\/a> avec ceux des autres panels. <\/p>\n\n\n\n<p><strong>2-4 novembre 2021<\/strong> Catherine Riva et Serena Tinari ont organis\u00e9 deux panels sur le th\u00e8me <a href=\"https:\/\/gijn.org\/2021\/11\/10\/covid-19-health-pharma-investigations\/\" target=\"_blank\" rel=\"noreferrer noopener\">Enqu\u00eater sur la m\u00e9decine et la sant\u00e9 publique<\/a> pour l&rsquo;\u00e9dition en ligne de la <a href=\"https:\/\/gijn.org\/category\/gijc21\/\" target=\"_blank\" rel=\"noreferrer noopener\">Global Investigative Journalism Conference (GIJC) 2021<\/a>, lors desquels elles sont intervenues.<\/p>\n\n\n\n<p><strong>15 octobre 2021<\/strong> Lors de la conf\u00e9rence <a href=\"https:\/\/www.skup.no\/\" target=\"_blank\" rel=\"noreferrer noopener\">Data-SKUP<\/a>, Serena Tinari est intervenue comme conf\u00e9renci\u00e8re principale lors de la <a href=\"https:\/\/skuppandemicmasterclass2021.sched.com\/\" target=\"_blank\" rel=\"noreferrer noopener\">Pandemic Masterclass<\/a>. Oslo (N).<\/p>\n\n\n\n<p><strong>1<sup>er<\/sup> d\u00e9cembre 2020<\/strong> Participation de Catherine Riva au d\u00e9bat \u00abLes m\u00e9dias g\u00e9n\u00e9ralistes \u00e0 l\u2019\u00e8re du COVID-19. Entre devoir d\u2019information et complaisance: enjeux, contraintes et enseignements \u00e0 tirer\u00bb. Avec Etienne Kocher, journaliste RTS. Organis\u00e9 par la Section ESSOPOL de l\u2019AESSP, ASSOPOL Alumni. Universit\u00e9 de Lausanne (CH). <a href=\"https:\/\/www.facebook.com\/AssopolAlumni\/videos\/conf%C3%A9rence-les-m%C3%A9dias-g%C3%A9n%C3%A9ralistes-%C3%A0-l%C3%A8re-du-covid-19\/185623299876547\/\" target=\"_blank\" rel=\"noreferrer noopener\">Visionner la vid\u00e9o<\/a>.<\/p>\n\n\n\n<p><strong>26 novembre 2020<\/strong> Allocution liminaire de Serena Tinari <a href=\"https:\/\/conferentie.vvoj.org\/keynote-1-serena-tinari\/\" target=\"_blank\" rel=\"noreferrer noopener\">sur les pi\u00e8ges du journalisme en temps de pand\u00e9mie<\/a> en ouverture de la <a href=\"https:\/\/conferentie.vvoj.org\/\" target=\"_blank\" rel=\"noreferrer noopener\">conf\u00e9rence<\/a> en ligne de la Dutch-Flemish Association for Investigative Journalism (VVOJ).<\/p>\n\n\n\n<p><strong>8-11 octobre 2020<\/strong> Panel <a href=\"https:\/\/dig-awards.org\/covid-19-narrazione-ricerca-e-inchiesta-sui-temi-della-medicina-e-della-salute-pubblica\/\" target=\"_blank\" rel=\"noreferrer noopener\">\u00abCOVID-19: narrazione, ricerca e inchiesta sui temi della medicina e della salute pubblica\u00bb<\/a> (COVID-19: narrative, recherche et enqu\u00eate sur les sujets autour de la m\u00e9dicine et de la sant\u00e9 publique) avec Serena Tinari et Francesca Sironi. <a href=\"https:\/\/dig-awards.org\/en\/\" target=\"_blank\" rel=\"noreferrer noopener\">DIG Festival<\/a>, Mod\u00e8ne (I).<\/p>\n\n\n\n<p><strong>29 septembre 2020<\/strong> Pr\u00e9sentation de Catherine Riva au CINQ \u00c0 SEPT <a href=\"https:\/\/www.ecolelasource.ch\/evenement\/cinq-a-sept-re-check\/\" target=\"_blank\" rel=\"noreferrer noopener\">\u00abRe-Check: les coulisses des affaires de sant\u00e9 comme vous ne les avez jamais vues\u00bb<\/a> organis\u00e9 par Institut et Haute Ecole de la Sant\u00e9 La Source. Lausanne (CH).<\/p>\n\n\n\n<p><strong>8-10 septembre 2020<\/strong> Organisation et pr\u00e9sentation par Serena Tinari de la Health Track \u00e0 la DataHarvest Digital, Conf\u00e9rence europ\u00e9enne du journalisme d\u2019enqu\u00eate #EIJC20 #dataharvest2020: <a href=\"https:\/\/dataharvest.eu\/2020\/08\/30\/reporting-on-public-health-in-the-corona-crisis\/\" target=\"_blank\" rel=\"noreferrer noopener\">Reporting on public health in the corona-crisis<\/a>. Mechelen (B).<\/p>\n\n\n\n<p><strong>16 novembre 2019<\/strong> Participation de Catherine Riva \u00e0 la conf\u00e9rence <a href=\"https:\/\/www.planetesante.ch\/salon\/Conferences\/Scandales-medicaux\" target=\"_blank\" rel=\"noreferrer noopener\">\u00abScandales m\u00e9dicaux: r\u00f4le des journalistes et lanceurs d\u2019alerte<\/a>\u00bb au <a href=\"https:\/\/www.planetesante.ch\/salon\" target=\"_blank\" rel=\"noreferrer noopener\">Salon valaisan de la sant\u00e9<\/a> organis\u00e9 par Plan\u00e8te Sant\u00e9. Table ronde avec Christophe Ungar (journaliste RTS) et le Pr Olivier Lamy (CHUV), anim\u00e9e par Isabelle Moncada (journaliste RTS). CERM, Martigny (CH).<\/p>\n\n\n\n<p><strong>7-9 octobre 2019<\/strong> Participation de Catherine Riva au <a href=\"https:\/\/www.cebm.net\/4es\/\" target=\"_blank\" rel=\"noreferrer noopener\">4Es Forum \u00abImproving the detection, analysis and reporting of harms in medicines\u00bb<\/a> (Am\u00e9liorer la d\u00e9tection, l&rsquo;analyse et l&rsquo;annoncement des d\u00e9g\u00e2ts en m\u00e9dicine), un <a href=\"https:\/\/www.re-check.ch\/fr\/erice\/\" target=\"_blank\" rel=\"noreferrer noopener\">workshop de trois jours<\/a> organis\u00e9 par le Center for Evidence-Based Medicine (<a href=\"https:\/\/www.cebm.net\/\" target=\"_blank\" rel=\"noreferrer noopener\">CEBM Oxford<\/a>) et le Centre de pharmacovigilance d\u2019Uppsala (<a href=\"https:\/\/www.who-umc.org\/\" target=\"_blank\" rel=\"noreferrer noopener\">Uppsala Monitoring Centre<\/a>), centre collaborateur de l\u2019OMS pour la pharmacovigilance internationale. A l\u2019occasion de la session \u00ab\u00a0Potential solutions to the problems of pre-marketing approvals\u00a0\u00bb (Solutions potentielles pour les probl\u00e8mes li\u00e9s \u00e0 l&rsquo;homologation avant la mise sur le march\u00e9), Catherine a pr\u00e9sent\u00e9 les r\u00e9sultats de l\u2019enqu\u00eate de Re-Check sur le ghost management et les captures \u00e0 l\u2019\u0153uvre lors de l\u2019homologation du premier vaccin anti-HPV, ainsi que le projet de recherche Re-Check en cours sur le ghost management (GhoMan \u2013 Chasing the Ghosts). Ettore Majorana Foundation and Centre for Scientific Culture, Erice (I).<\/p>\n\n\n\n<p><strong>25-29 septembre 2019<\/strong> Lors de la <a href=\"https:\/\/gijc2019.org\" target=\"_blank\" rel=\"noreferrer noopener\">Global Investigative Journalism Conference 2019<\/a> (GIJC19), Serena Tinari a pr\u00e9sent\u00e9 le travail de Re-Check \u00e0 deux occasions: un workshop d\u2019une demi-journ\u00e9e organis\u00e9 par le programme fran\u00e7ais de d\u00e9veloppement m\u00e9dia <a href=\"https:\/\/www.cfi.fr\/fr\/programmes\/medias-developpement\" target=\"_blank\" rel=\"noreferrer noopener\">CFI<\/a> et le panel du GIJN <a href=\"https:\/\/whova.com\/embedded\/session\/globa_201909\/747141\/\" target=\"_blank\" rel=\"noreferrer noopener\">Investigating Health and Medicine \u2013 Tips &amp; Techniques (1)<\/a>. Le <a href=\"https:\/\/www.cfi.fr\/fr\/projet\/medialab-investigation\" target=\"_blank\" rel=\"noreferrer noopener\">#M\u00e9diaLabInvestigation<\/a>, un nouveau projet d\u2019encouragement du CFI destin\u00e9 \u00e0 accompagner la sp\u00e9cialisation de journalistes d\u2019investigation dans le domaine de la sant\u00e9 pour am\u00e9liorer la couverture journalistique dans ce domaine, a \u00e9t\u00e9 lanc\u00e9 lors de GIJC19. Re-Check se r\u00e9jouit d\u2019\u00eatre partie prenante de ce projet pour du conseil, des formations et du mentorat, en collaboration avec la journaliste d\u2019enqu\u00eate tunisienne <a href=\"https:\/\/www.linkedin.com\/in\/hanene-zbiss-zbiss-7538b5167\/\" target=\"_blank\" rel=\"noreferrer noopener\">Hanene Zbiss Zbiss<\/a>. A GIJC19, Serena a \u00e9galement contribu\u00e9 \u00e0 la \u00abDocumentaries Track\u00bb avec les panels <a href=\"https:\/\/whova.com\/embedded\/session\/globa_201909\/747140\/\" target=\"_blank\" rel=\"noreferrer noopener\">How to Finance Your Investigative Documentary<\/a>, <a href=\"https:\/\/whova.com\/embedded\/session\/globa_201909\/747200\/\" target=\"_blank\" rel=\"noreferrer noopener\">Pitching Your Documentary Idea<\/a> et la session de coaching <a href=\"https:\/\/whova.com\/embedded\/session\/globa_201909\/747284\/\" target=\"_blank\" rel=\"noreferrer noopener\">Meet the Mentor<\/a>. Hambourg (D).<\/p>\n\n\n\n<p><strong>4 juillet 2019<\/strong> Allocution de Serena Tinari: \u00abL\u2019EBM a rendez-vous avec l\u2019enqu\u00eate: journalisme d\u2019investigation et affaires de sant\u00e9\u00bb. <a href=\"https:\/\/news.unil.ch\/display?id=1561713685059\" target=\"_blank\" rel=\"noreferrer noopener\">Congr\u00e8s de l\u2019immersion communautaire<\/a>, Facult\u00e9 de m\u00e9decine, Universit\u00e9 de Lausanne, Lausanne (CH).<\/p>\n\n\n\n<p><strong>20 mai 2019<\/strong> Pr\u00e9sentation de Catherine Riva: \u00abVaccination anti-HPV. L\u2019EBM et l\u2019enqu\u00eate\u00bb. Sur invitation de l\u2019<a href=\"http:\/\/lbbe.univ-lyon1.fr\/-Equipe-Evaluation-et-Modelisation-.html?lang=fr\" target=\"_blank\" rel=\"noreferrer noopener\">Equipe Evaluation et mod\u00e9lisation des effets th\u00e9rapeutiques<\/a> (Pr R\u00e9my Boussageaon, Pr Michel Cucherat et Pr Fran\u00e7ois Gueyffier). Service de pharmacologie clinique \u2013 UMR 5558, Facult\u00e9 de m\u00e9decine Laennec, Universit\u00e9 de Lyon 1, Lyon (F).<\/p>\n\n\n\n<p><strong>16-19 mai 2019<\/strong> Panels men\u00e9s par Serena Tinari: \u00ab<a href=\"https:\/\/sched.co\/NXsi\" target=\"_blank\" rel=\"noreferrer noopener\">Be a better health and medicine reporter<\/a>\u00bb et \u00ab<a href=\"https:\/\/sched.co\/NTEZ\" target=\"_blank\" rel=\"noreferrer noopener\">Safety when crossing borders<\/a>\u00bb; Serena Tinari a \u00e9galement mod\u00e9r\u00e9 les tables rondes \u00ab<a href=\"https:\/\/sched.co\/OFuU\" target=\"_blank\" rel=\"noreferrer noopener\">How to apply for work grants \u2013 meet the right funder<\/a>\u00bb et \u00ab<a href=\"https:\/\/sched.co\/OUoZ\">Journalism with a cause \u2013 about journalism versus advocacy<\/a>\u00bb. Conf\u00e9rence europ\u00e9enne du journalisme d\u2019enqu\u00eate Dataharvest #EIJC19, Malines (B).<\/p>\n\n\n\n<p><strong>6 mai 2019<\/strong> Pr\u00e9sentation de Catherine Riva: \u00abInvestigating and mapping ghost management at work: The case of HPV vaccines\u00bb (Investiguer and cartographierle ghost management). Summer Institute 2019 <a href=\"https:\/\/www.concordia.ca\/artsci\/sdbi\/summer-institute.html\" target=\"_blank\" rel=\"noreferrer noopener\">\u00abFeminist Activism and the Health Industries\u00bb<\/a>, Simone de Beauvoir Institute, Concordia University, Montr\u00e9al (CND).<\/p>\n\n\n\n<p><strong>29 mars 2019<\/strong> Panel de Serena Tinari \u00abTa en grundig helsesjekk!\u00bb (Take a thorough health check!). Conf\u00e9rence annuelle du r\u00e9seau norv\u00e9gien du journalisme d\u2019enqu\u00eate <a href=\"https:\/\/www.skup.no\/\" target=\"_blank\" rel=\"noreferrer noopener\">SKUP<\/a> (Association for critical and investigative press). Oslo (N).<\/p>\n\n\n\n<p><strong>12 mars 2019<\/strong> Cours de Catherine Riva \u00abCommuniqu\u00e9 de presse: susciter l\u2019int\u00e9r\u00eat des m\u00e9dias \u2013 et endormir leur attention?\u00bb, dispens\u00e9 dans le cadre du Certificate of Advanced Studies <a href=\"https:\/\/www.unige.ch\/formcont\/cours\/promosante\" target=\"_blank\" rel=\"noreferrer noopener\">CAS Promotion de la sant\u00e9 et sant\u00e9 communautaire<\/a>, organis\u00e9 par l\u2019Institut de sant\u00e9 globale de la Facult\u00e9 de m\u00e9decine, Universit\u00e9 de Gen\u00e8ve, Gen\u00e8ve (CH).<\/p>\n\n\n\n<p><strong>8 janvier 2019<\/strong> Pr\u00e9sentation de Catherine Riva: \u00abSurdiagnostic, Too Much Medicine. Reflets de la conf\u00e9rence #PODC2018\u00bb. Division de pharmacologie clinique, Centre hospitalier universitaire vaudois CHUV, Lausanne (CH).<\/p>\n\n\n\n<p><strong>20-22 ao\u00fbt 2018<\/strong> Pr\u00e9sentation du poster \u00ab<a href=\"https:\/\/zenodo.org\/record\/2023152#.XWOS9q2B0UF\" target=\"_blank\" rel=\"noreferrer noopener\">Mapping Ghost Management in Medical Research and Public Health<\/a>\u00bb par Catherine Riva et Serena Tinari. <a href=\"https:\/\/www.re-check.ch\/en\/podc-2018-e\/\" target=\"_blank\" rel=\"noreferrer noopener\">Preventing Overdiagnosis Conference 2018<\/a> <a href=\"https:\/\/www.preventingoverdiagnosis.net\/?page_id=1677\" target=\"_blank\" rel=\"noreferrer noopener\">#PODC2018<\/a>, Copenhague (DK).<\/p>\n\n\n\n<p><strong>5 juin 2018<\/strong> Cours de Catherine Riva \u00abCommuniqu\u00e9 de presse: susciter l\u2019int\u00e9r\u00eat des m\u00e9dias \u2013 et endormir leur attention?\u00bb, dispens\u00e9 dans le cadre du Certificate of Advanced Studies <a href=\"https:\/\/www.unige.ch\/formcont\/cours\/promosante\" target=\"_blank\" rel=\"noreferrer noopener\">CAS Promotion de la sant\u00e9 et sant\u00e9 communautaire<\/a>, organis\u00e9 par l\u2019Institut de sant\u00e9 globale de la Facult\u00e9 de m\u00e9decine, Universit\u00e9 de Gen\u00e8ve, Gen\u00e8ve (CH).<\/p>\n\n\n\n<p><strong>24-27 mai 2018<\/strong> Masterclass \u00ab<a href=\"https:\/\/www.re-check.ch\/en\/dataharvest2018\/\" target=\"_blank\" rel=\"noreferrer noopener\">Be a Better Health and Medicine Reporter<\/a>\u00bb et panel \u00ab<a href=\"https:\/\/sched.co\/ETC9\" target=\"_blank\" rel=\"noreferrer noopener\">Mining Medicines procurement: Let\u2019s talk about pharma &amp; public tenders<\/a>\u00bb avec Catherine Riva et Serena Tinari. Mod\u00e9ration par Serena Tinari de la table ronde \u00ab\u00a0<a href=\"https:\/\/sched.co\/Eqj3\" target=\"_blank\" rel=\"noreferrer noopener\">Journalism with a cause and journalism funded by interest organisations: Business model or grey-zone?<\/a>\u00bb et du workshop \u00ab<a href=\"https:\/\/sched.co\/ETC0\" target=\"_blank\" rel=\"noreferrer noopener\">Travel Opsec for journalists<\/a>\u00bb. Conf\u00e9rence europ\u00e9enne du journalisme d\u2019enqu\u00eate Dataharvest #EIJC18, Malines (B).<\/p>\n\n\n\n<p><strong>16-19 novembre 2017<\/strong> Panels de Serena Tinari \u00ab<a href=\"https:\/\/sched.co\/CWzG\" target=\"_blank\" rel=\"noreferrer noopener\">Investigating Health \u2013 global issues<\/a>\u00bb et \u00ab\u00a0<a href=\"https:\/\/sched.co\/CWzU\" target=\"_blank\" rel=\"noreferrer noopener\">Encryption<\/a>\u00bb. Conf\u00e9rence mondiale du journalisme d\u2019investigation GIJC, Johannesburg (ZAF).<\/p>\n\n\n\n<p><strong>28 septembre 2017<\/strong> Pr\u00e9sentation de Catherine Riva: \u00abPr\u00e9venir le surdiagnostic: reflets de la conf\u00e9rence 2017 #PODC2017\u00bb Division de pharmacologie clinique, Centre hospitalier universitaire vaudois CHUV, Lausanne (CH).<\/p>\n\n\n\n<p><strong>17-19 ao\u00fbt 2017<\/strong> Pr\u00e9sentation de Catherine Riva \u00abD\u00e9pistage du cancer du sein par mammographie, surdiagnostic et conflits d\u2019int\u00e9r\u00eats. Le cas d\u2019\u00e9cole des premiers programmes de d\u00e9pistage en Suisse\u00bb (Mammography screening, overdiagnosis and conflicts of interest. The textbook case of the first screening programs in Switzerland). <a href=\"https:\/\/www.re-check.ch\/fr\/podc2017-f\/\" target=\"_blank\" rel=\"noreferrer noopener\">Preventing Overdiagnosis Conference 2017<\/a> <a href=\"https:\/\/www.preventingoverdiagnosis.net\/?page_id=1419\" target=\"_blank\" rel=\"noreferrer noopener\">#PODC2017<\/a>, Qu\u00e9bec (CND).<\/p>\n\n\n\n<p><strong>2-3 juin 2017<\/strong> Modules de cours dispens\u00e9s par Serena Tinari \u00abInchieste in rete\u00bb. <a href=\"https:\/\/corsodigiornalismo.ch\" target=\"_blank\" rel=\"noreferrer noopener\">Corso di giornalismo della Svizzera italiana<\/a>, Lugano (CH).<\/p>\n\n\n\n<p><strong>22 mai 2017<\/strong> <a href=\"https:\/\/www.re-check.ch\/en\/the-crossroads-between-evidence-based-medicine-and-investigation\/\" target=\"_blank\" rel=\"noreferrer noopener\">Journ\u00e9e Flash School<\/a>: sessions de formation organis\u00e9e par Re-Check en collaboration avec Sept.info et Impressum. Universit\u00e9 de Fribourg, Fribourg (CH).<\/p>\n\n\n\n<p><strong>9 mai 2017<\/strong> Conf\u00e9rence de Catherine Riva \u00abEnqu\u00eater sur les affaires de sant\u00e9\u00bb dans le cadre du cycle de conf\u00e9rences <a href=\"http:\/\/les4vents.weebly.com\/uploads\/9\/9\/1\/2\/99120830\/21_impossible_c.pdf\" target=\"_blank\" rel=\"noreferrer noopener\">\u00abA l\u2019impossible, nul n\u2019est tenu. R\u00e9cits de r\u00eaves, d\u2019audace et d\u2019exploits\u00bb<\/a> organis\u00e9 \u00e0 Fribourg par l\u2019association Les 4 Vents de l\u2019Universit\u00e9 de Fribourg, Fribourg (CH).<\/p>\n\n\n\n<p><strong>25 avril 2017<\/strong> Cours de Catherine Riva \u00abCommuniqu\u00e9 de presse: susciter l\u2019int\u00e9r\u00eat des m\u00e9dias \u2013 et endormir leur attention?\u00bb, dispens\u00e9 dans le cadre du Certificate of Advanced Studies <a href=\"https:\/\/www.unige.ch\/formcont\/cours\/promosante\" target=\"_blank\" rel=\"noreferrer noopener\">CAS Promotion de la sant\u00e9 et sant\u00e9 communautaire<\/a>, organis\u00e9 par l\u2019Institut de sant\u00e9 globale de la Facult\u00e9 de m\u00e9decine, Universit\u00e9 de Gen\u00e8ve, Gen\u00e8ve (CH).<\/p>\n\n\n\n<p class=\"back\"><a href=\"https:\/\/www.re-check.ch\/fr\/resources\/\" data-type=\"page\" data-id=\"18724\"><i class=\"icofont-rounded-left\"><\/i> retour<\/a><\/p>\n","protected":false},"excerpt":{"rendered":"<p>Nous sommes r\u00e9guli\u00e8rement invit\u00e9es \u00e0 venir pr\u00e9senter notre travail au public et \u00e0 participer \u00e0 des conf\u00e9rences, en Suisse et ailleurs. A l&rsquo;occasion de ces manifestations, nous abordons les sujets qui sont au c\u0153ur de la mission de Re-Check: comment enqu\u00eater sur la sant\u00e9 et la m\u00e9decine; comment \u00e9valuer des \u00e9tudes cliniques et des documents<a class=\"excerpt-read-more\" href=\"https:\/\/www.re-check.ch\/fr\/resources\/speeches\/\" title=\"ReadConf\u00e9rences\">&#8230; Read more &raquo;<\/a><\/p>\n","protected":false},"author":2,"featured_media":0,"parent":18724,"menu_order":0,"comment_status":"closed","ping_status":"closed","template":"template-full-width.php","meta":{"_acf_changed":false,"footnotes":""},"class_list":["post-18704","page","type-page","status-publish","hentry"],"acf":[],"_links":{"self":[{"href":"https:\/\/www.re-check.ch\/fr\/wp-json\/wp\/v2\/pages\/18704"}],"collection":[{"href":"https:\/\/www.re-check.ch\/fr\/wp-json\/wp\/v2\/pages"}],"about":[{"href":"https:\/\/www.re-check.ch\/fr\/wp-json\/wp\/v2\/types\/page"}],"author":[{"embeddable":true,"href":"https:\/\/www.re-check.ch\/fr\/wp-json\/wp\/v2\/users\/2"}],"replies":[{"embeddable":true,"href":"https:\/\/www.re-check.ch\/fr\/wp-json\/wp\/v2\/comments?post=18704"}],"version-history":[{"count":8,"href":"https:\/\/www.re-check.ch\/fr\/wp-json\/wp\/v2\/pages\/18704\/revisions"}],"predecessor-version":[{"id":19886,"href":"https:\/\/www.re-check.ch\/fr\/wp-json\/wp\/v2\/pages\/18704\/revisions\/19886"}],"up":[{"embeddable":true,"href":"https:\/\/www.re-check.ch\/fr\/wp-json\/wp\/v2\/pages\/18724"}],"wp:attachment":[{"href":"https:\/\/www.re-check.ch\/fr\/wp-json\/wp\/v2\/media?parent=18704"}],"curies":[{"name":"wp","href":"https:\/\/api.w.org\/{rel}","templated":true}]}}