{"id":18671,"date":"2024-04-02T08:28:12","date_gmt":"2024-04-02T08:28:12","guid":{"rendered":"https:\/\/2023.re-check.ch\/projets\/oseltamivir-tamiflu\/"},"modified":"2024-10-29T10:49:47","modified_gmt":"2024-10-29T10:49:47","slug":"oseltamivir-tamiflu","status":"publish","type":"page","link":"https:\/\/www.re-check.ch\/fr\/projets\/oseltamivir-tamiflu\/","title":{"rendered":"Oseltamivir &#8211; Tamiflu"},"content":{"rendered":"\n<div class=\"wp-block-columns is-layout-flex wp-container-core-columns-is-layout-1 wp-block-columns-is-layout-flex\">\n<div class=\"wp-block-column is-layout-flow wp-block-column-is-layout-flow\">\n<figure class=\"wp-block-image size-full\"><a href=\"https:\/\/www.re-check.ch\/wp-content\/uploads\/2024\/02\/Oseltamivir-Tamiflu.jpg\"><img loading=\"lazy\" decoding=\"async\" width=\"1023\" height=\"680\" src=\"https:\/\/www.re-check.ch\/wp-content\/uploads\/2024\/02\/Oseltamivir-Tamiflu.jpg\" alt=\"\" class=\"wp-image-18416\" srcset=\"https:\/\/www.re-check.ch\/wp-content\/uploads\/2024\/02\/Oseltamivir-Tamiflu.jpg 1023w, https:\/\/www.re-check.ch\/wp-content\/uploads\/2024\/02\/Oseltamivir-Tamiflu-300x199.jpg 300w, https:\/\/www.re-check.ch\/wp-content\/uploads\/2024\/02\/Oseltamivir-Tamiflu-768x510.jpg 768w\" sizes=\"(max-width: 1023px) 100vw, 1023px\" \/><\/a><\/figure>\n<\/div>\n\n\n\n<div class=\"wp-block-column is-layout-flow wp-block-column-is-layout-flow\">\n<p>Si l\u2019on en croit les meilleures preuves disponibles, ce m\u00e9dicament peut r\u00e9duire les sympt\u00f4mes de la grippe d\u2019un jour et demi. Pourtant, les ventes de Tamiflu\u00ae ont grimp\u00e9 en fl\u00e8che en 2005 avec la b\u00e9n\u00e9diction de l\u2019Organisation mondiale de la sant\u00e9, dans un contexte de crainte d\u2019une pand\u00e9mie imminente. Comment un m\u00e9dicament tr\u00e8s cher et loin d\u2019\u00eatre r\u00e9volutionnaire a-t-il pu devenir un blockbuster? <\/p>\n\n\n\n<p>L\u2019histoire du Tamiflu<a>\u00ae<\/a> est marqu\u00e9e par des conflits d\u2019int\u00e9r\u00eats, de la \u00abmauvaise science\u00bb et l\u2019\u00e9valuation critique d\u2019un groupe de scientifiques de la Collaboration Cochrane.<\/p>\n<\/div>\n<\/div>\n\n\n\n<div style=\"height:31px\" aria-hidden=\"true\" class=\"wp-block-spacer\"><\/div>\n\n\n\n<h2 class=\"wp-block-heading\">Documentaire d\u2019investigation:<\/h2>\n\n\n\n<div class=\"block-accordeon\">\n      <ul class=\"accordion\" data-accordion data-multi-expand=\"true\" data-allow-all-closed=\"true\">\n              \n        <li class=\"accordion-item\" data-accordion-item>\n          <a href=\"#\" class=\"accordion-title\">2011: \u00abL\u2019influenza degli affari\u00bb (L\u2019influence des affaires) <\/a>\n          <div class=\"accordion-content\" data-tab-content>\n            <p>Ce documentaire d\u2019investigation de 56 minutes a \u00e9t\u00e9 tourn\u00e9 au Japon, en Italie, au Royaume-Uni et en Suisse. Il retrace la success story du Tamiflu\u00ae, un m\u00e9dicament que les gouvernements ont stock\u00e9 pour se pr\u00e9parer \u00e0 une pand\u00e9mie, et r\u00e9v\u00e8le les doutes qui circulaient dans la communaut\u00e9 scientifique quant \u00e0 son efficacit\u00e9 et \u00e0 son innocuit\u00e9. Cette affaire en dit long sur le fonctionnement de la sant\u00e9 publique, le manque de transparence, les conflits d\u2019int\u00e9r\u00eats et la gestion des effets ind\u00e9sirables. Le documentaire est le fruit d\u2019une collaboration entre les \u00e9missions de t\u00e9l\u00e9vision suisses Fal\u00f2 de RSI et Rundschau de SRF, CBC\/Radio-Canada et NPR. Lors de la Conf\u00e9rence mondiale du journalisme d\u2019enqu\u00eate de 2011, cette enqu\u00eate s\u2019est vu d\u00e9cerner un Daniel Pearl Award (citation sp\u00e9ciale et certificat de reconnaissance pour un reportage d\u2019enqu\u00eate international exceptionnel). Elle a \u00e9galement et \u00e9t\u00e9 finaliste aux IRE Awards. Un projet de Serena Tinari avec Fr\u00e9d\u00e9ric Zalac (CBC), Sandra Bartlett et Susanne Reber (NPR), Harry H\u00e4ner (RSI) et Reto Padrutt (SRF).<\/p>\n<p>Disponible <a href=\"https:\/\/www.youtube.com\/watch?v=SwSnjMJrQQI\" target=\"_blank\" rel=\"noopener\">ici en italien<\/a> and <a href=\"https:\/\/www.srf.ch\/play\/tv\/rundschau\/video\/kritik-an-tamiflu?urn=urn:srf:video:7cd6676f-cacf-48b1-803c-92edc164c58b\" target=\"_blank\" rel=\"noopener\">ici en allemand<\/a>. Transcription disponible <a href=\"attentiallebufale.it\/wp-content\/uploads\/2011\/01\/RSI-Script-Tamiflu-English1.doc\" target=\"_blank\" rel=\"noopener\">ici en anglais<\/a> (PDF).<\/p>\n<p><strong>En savoir plus sur cette affaire:\u00a0<\/strong><br \/>\nReportez-vous \u00e0 la <a href=\"https:\/\/www.bmj.com\/tamiflu\" target=\"_blank\" rel=\"noopener\">page d\u00e9di\u00e9e sur le site du British Medical Journal<\/a>.<\/p>\n          <\/div>\n        <\/li>\n        \n              \n        <li class=\"accordion-item\" data-accordion-item>\n          <a href=\"#\" class=\"accordion-title\">2006: \u201cTamiflu. Un farmaco per noi polli\u201d (Tamiflu. Un m\u00e9dicament pour les pigeons?)<\/a>\n          <div class=\"accordion-content\" data-tab-content>\n            <p>Cet article de Serena Tinari expose ce que l\u2019on savait \u00e0 l\u2019\u00e9poque de la mauvaise r\u00e9putation du Tamiflu\u00ae et les puissants acteurs derri\u00e8re sa commercialisation. Publi\u00e9 en italien dans il manifesto. Disponible <a href=\"https:\/\/www.serenatinari.com\/tamiflu-un-remede-pour-les-pigeons\/\" target=\"_blank\" rel=\"noopener\">ici en fran\u00e7ais<\/a> et <a href=\"https:\/\/www.serenatinari.com\/tamiflu-drug-birds\/\" target=\"_blank\" rel=\"noopener\">ici en anglais<\/a>.<\/p>\n          <\/div>\n        <\/li>\n        \n          <\/ul>\n  <\/div>\n\n\n\n\n<p class=\"back\"><a href=\"https:\/\/www.re-check.ch\/fr\/projets\/\" data-type=\"page\" data-id=\"14962\"><i class=\"icofont-rounded-left\"><\/i> retour<\/a><\/p>\n","protected":false},"excerpt":{"rendered":"<p>Si l\u2019on en croit les meilleures preuves disponibles, ce m\u00e9dicament peut r\u00e9duire les sympt\u00f4mes de la grippe d\u2019un jour et demi. Pourtant, les ventes de Tamiflu\u00ae ont grimp\u00e9 en fl\u00e8che en 2005 avec la b\u00e9n\u00e9diction de l\u2019Organisation mondiale de la sant\u00e9, dans un contexte de crainte d\u2019une pand\u00e9mie imminente. Comment un m\u00e9dicament tr\u00e8s cher et<a class=\"excerpt-read-more\" href=\"https:\/\/www.re-check.ch\/fr\/projets\/oseltamivir-tamiflu\/\" title=\"ReadOseltamivir &#8211; Tamiflu\">&#8230; Read more &raquo;<\/a><\/p>\n","protected":false},"author":2,"featured_media":0,"parent":14962,"menu_order":0,"comment_status":"closed","ping_status":"closed","template":"template-full-width.php","meta":{"_acf_changed":false,"footnotes":""},"class_list":["post-18671","page","type-page","status-publish","hentry"],"acf":[],"_links":{"self":[{"href":"https:\/\/www.re-check.ch\/fr\/wp-json\/wp\/v2\/pages\/18671"}],"collection":[{"href":"https:\/\/www.re-check.ch\/fr\/wp-json\/wp\/v2\/pages"}],"about":[{"href":"https:\/\/www.re-check.ch\/fr\/wp-json\/wp\/v2\/types\/page"}],"author":[{"embeddable":true,"href":"https:\/\/www.re-check.ch\/fr\/wp-json\/wp\/v2\/users\/2"}],"replies":[{"embeddable":true,"href":"https:\/\/www.re-check.ch\/fr\/wp-json\/wp\/v2\/comments?post=18671"}],"version-history":[{"count":5,"href":"https:\/\/www.re-check.ch\/fr\/wp-json\/wp\/v2\/pages\/18671\/revisions"}],"predecessor-version":[{"id":20018,"href":"https:\/\/www.re-check.ch\/fr\/wp-json\/wp\/v2\/pages\/18671\/revisions\/20018"}],"up":[{"embeddable":true,"href":"https:\/\/www.re-check.ch\/fr\/wp-json\/wp\/v2\/pages\/14962"}],"wp:attachment":[{"href":"https:\/\/www.re-check.ch\/fr\/wp-json\/wp\/v2\/media?parent=18671"}],"curies":[{"name":"wp","href":"https:\/\/api.w.org\/{rel}","templated":true}]}}