{"id":18664,"date":"2024-04-02T08:23:52","date_gmt":"2024-04-02T08:23:52","guid":{"rendered":"https:\/\/2023.re-check.ch\/projets\/mediator\/"},"modified":"2024-10-27T14:43:03","modified_gmt":"2024-10-27T14:43:03","slug":"mediator","status":"publish","type":"page","link":"https:\/\/www.re-check.ch\/fr\/projets\/mediator\/","title":{"rendered":"Mediator"},"content":{"rendered":"\n<div class=\"wp-block-columns is-layout-flex wp-container-core-columns-is-layout-1 wp-block-columns-is-layout-flex\">\n<div class=\"wp-block-column is-layout-flow wp-block-column-is-layout-flow\">\n<figure class=\"wp-block-image size-large\"><a href=\"https:\/\/www.re-check.ch\/wp-content\/uploads\/2024\/02\/Mediator.png\"><img loading=\"lazy\" decoding=\"async\" width=\"1024\" height=\"576\" src=\"https:\/\/www.re-check.ch\/wp-content\/uploads\/2024\/02\/Mediator-1024x576.png\" alt=\"\" class=\"wp-image-18414\" srcset=\"https:\/\/www.re-check.ch\/wp-content\/uploads\/2024\/02\/Mediator-1024x576.png 1024w, https:\/\/www.re-check.ch\/wp-content\/uploads\/2024\/02\/Mediator-300x169.png 300w, https:\/\/www.re-check.ch\/wp-content\/uploads\/2024\/02\/Mediator-768x432.png 768w, https:\/\/www.re-check.ch\/wp-content\/uploads\/2024\/02\/Mediator.png 1520w\" sizes=\"(max-width: 1024px) 100vw, 1024px\" \/><\/a><\/figure>\n<\/div>\n\n\n\n<div class=\"wp-block-column is-layout-flow wp-block-column-is-layout-flow\">\n<p>Mediator restera dans les annales comme l\u2019une des affaires qui a le plus violemment agit\u00e9 les sph\u00e8res politico-sanitaires fran\u00e7aises. <\/p>\n\n\n\n<p>Ce feuilleton du \u00abm\u00e9dicament tueur\u00bb a \u00e9t\u00e9 pr\u00e9sent\u00e9 comme un combat \u00e0 la David et Goliath, valeureusement men\u00e9 par une simple praticienne: Ir\u00e8ne Frachon, seule contre les puissants Laboratoires Servier, num\u00e9ro 2 de la pharma fran\u00e7aise. Mais est-ce aussi simple? Et \u00e0 qui le scandale a-t-il vraiment profit\u00e9? <\/p>\n\n\n\n<p>La contre-enqu\u00eate en trois parties de Catherine Riva a remport\u00e9 le Prix sp\u00e9cial collectif Nicolas Bouvier 2016.<\/p>\n<\/div>\n<\/div>\n\n\n\n<div style=\"height:31px\" aria-hidden=\"true\" class=\"wp-block-spacer\"><\/div>\n\n\n\n<h2 class=\"wp-block-heading\">Article:<\/h2>\n\n\n\n<div class=\"block-accordeon\">\n      <ul class=\"accordion\" data-accordion data-multi-expand=\"true\" data-allow-all-closed=\"true\">\n              \n        <li class=\"accordion-item\" data-accordion-item>\n          <a href=\"#\" class=\"accordion-title\">2012: \u00abMediator: l\u2019affaire des investigations manqu\u00e9es?\u00bb<\/a>\n          <div class=\"accordion-content\" data-tab-content>\n            <p>Le scandale du Mediator a \u00e9t\u00e9 abondamment trait\u00e9 par les m\u00e9dias au cours des derniers mois. Pourtant, la majeure partie d\u2019entre eux ont \u00e9lud\u00e9 certaines questions centrales. Publi\u00e9 par EDITO+KLARTEXT.<\/p>\n          <\/div>\n        <\/li>\n        \n          <\/ul>\n  <\/div>\n\n\n\n\n<h2 class=\"wp-block-heading\">Contre-enqu\u00eate en trois volets sur l\u2019affaire Mediator <\/h2>\n\n\n\n<p>Publi\u00e9e en 2016, disponible sur Sept.info (acc\u00e8s payant)<\/p>\n\n\n\n<div class=\"block-accordeon\">\n      <ul class=\"accordion\" data-accordion data-multi-expand=\"true\" data-allow-all-closed=\"true\">\n              \n        <li class=\"accordion-item\" data-accordion-item>\n          <a href=\"#\" class=\"accordion-title\">1<sup>er<\/sup> volet: \u00abMediator: une affaire aux allures de guerre \u00e9conomique\u00bb <\/a>\n          <div class=\"accordion-content\" data-tab-content>\n            <p>Le scandale Mediator a valu aux Laboratoires Servier une opprobre sans pr\u00e9c\u00e9dent. Mais en coulisses, il a permis \u00e0 d&rsquo;autres entreprises pharmaceutiques d\u2019\u00e9viter des pr\u00e9judices importants et de renforcer leur position sur diff\u00e9rents march\u00e9s \u00e0 plusieurs milliards de dollars.<\/p>\n<p><a href=\"https:\/\/www.sept.info\/mediator-13\" target=\"_blank\" rel=\"noopener\">Article<\/a><\/p>\n          <\/div>\n        <\/li>\n        \n              \n        <li class=\"accordion-item\" data-accordion-item>\n          <a href=\"#\" class=\"accordion-title\">2<sup>e<\/sup> volet: \u00abMediator: derri\u00e8re la fable de la \u2018femme formidable\u2019\u00bb<\/a>\n          <div class=\"accordion-content\" data-tab-content>\n            <p>Ir\u00e8ne Frachon est l\u2019\u00e9g\u00e9rie de l\u2019affaire Mediator, l\u2019embl\u00e8me d\u2019un combat \u00e0 la David et Goliath, courageusement men\u00e9 par une simple praticienne contre des int\u00e9r\u00eats puissants. Mais est-ce aussi simple? Pas tout \u00e0 fait. Enqu\u00eate sur les dessous d\u2019un conte de f\u00e9es.<\/p>\n<p><a href=\"https:\/\/www.sept.info\/mediator-23\" target=\"_blank\" rel=\"noopener\">Article<\/a><\/p>\n          <\/div>\n        <\/li>\n        \n              \n        <li class=\"accordion-item\" data-accordion-item>\n          <a href=\"#\" class=\"accordion-title\">3<sup>e<\/sup> volet: \u00abMediator: falsifier l\u2019histoire pour mieux fa\u00e7onner l\u2019avenir\u00bb <\/a>\n          <div class=\"accordion-content\" data-tab-content>\n            <p>Tout au long du scandale Mediator, certains acteurs ont impos\u00e9 une version bien particuli\u00e8re d\u2019une s\u00e9rie d\u2019\u00e9v\u00e9nements cl\u00e9s qui se sont jou\u00e9s entre les ann\u00e9es 1990 et aujourd\u2019hui. Or ce r\u00e9cit est sem\u00e9 d\u2019incoh\u00e9rences et d\u2019inexactitudes. A qui le travestissement des faits a-t-il profit\u00e9? Et quelles sont ses implications pour la s\u00e9curit\u00e9 des m\u00e9dicaments?<\/p>\n<p><a href=\"https:\/\/www.sept.info\/mediator-33\" target=\"_blank\" rel=\"noopener\">Article<\/a><\/p>\n          <\/div>\n        <\/li>\n        \n          <\/ul>\n  <\/div>\n\n\n\n\n<p class=\"back\"><a href=\"https:\/\/www.re-check.ch\/fr\/projets\/\" data-type=\"page\" data-id=\"14962\"><i class=\"icofont-rounded-left\"><\/i> retour<\/a><\/p>\n","protected":false},"excerpt":{"rendered":"<p>Mediator restera dans les annales comme l\u2019une des affaires qui a le plus violemment agit\u00e9 les sph\u00e8res politico-sanitaires fran\u00e7aises. Ce feuilleton du \u00abm\u00e9dicament tueur\u00bb a \u00e9t\u00e9 pr\u00e9sent\u00e9 comme un combat \u00e0 la David et Goliath, valeureusement men\u00e9 par une simple praticienne: Ir\u00e8ne Frachon, seule contre les puissants Laboratoires Servier, num\u00e9ro 2 de la pharma fran\u00e7aise.<a class=\"excerpt-read-more\" href=\"https:\/\/www.re-check.ch\/fr\/projets\/mediator\/\" title=\"ReadMediator\">&#8230; Read more &raquo;<\/a><\/p>\n","protected":false},"author":2,"featured_media":0,"parent":14962,"menu_order":0,"comment_status":"closed","ping_status":"closed","template":"template-full-width.php","meta":{"_acf_changed":false,"footnotes":""},"class_list":["post-18664","page","type-page","status-publish","hentry"],"acf":[],"_links":{"self":[{"href":"https:\/\/www.re-check.ch\/fr\/wp-json\/wp\/v2\/pages\/18664"}],"collection":[{"href":"https:\/\/www.re-check.ch\/fr\/wp-json\/wp\/v2\/pages"}],"about":[{"href":"https:\/\/www.re-check.ch\/fr\/wp-json\/wp\/v2\/types\/page"}],"author":[{"embeddable":true,"href":"https:\/\/www.re-check.ch\/fr\/wp-json\/wp\/v2\/users\/2"}],"replies":[{"embeddable":true,"href":"https:\/\/www.re-check.ch\/fr\/wp-json\/wp\/v2\/comments?post=18664"}],"version-history":[{"count":9,"href":"https:\/\/www.re-check.ch\/fr\/wp-json\/wp\/v2\/pages\/18664\/revisions"}],"predecessor-version":[{"id":19529,"href":"https:\/\/www.re-check.ch\/fr\/wp-json\/wp\/v2\/pages\/18664\/revisions\/19529"}],"up":[{"embeddable":true,"href":"https:\/\/www.re-check.ch\/fr\/wp-json\/wp\/v2\/pages\/14962"}],"wp:attachment":[{"href":"https:\/\/www.re-check.ch\/fr\/wp-json\/wp\/v2\/media?parent=18664"}],"curies":[{"name":"wp","href":"https:\/\/api.w.org\/{rel}","templated":true}]}}