{"id":18639,"date":"2024-04-02T07:44:01","date_gmt":"2024-04-02T07:44:01","guid":{"rendered":"https:\/\/2023.re-check.ch\/projets\/h1n1\/"},"modified":"2025-01-21T12:01:56","modified_gmt":"2025-01-21T12:01:56","slug":"h1n1","status":"publish","type":"page","link":"https:\/\/www.re-check.ch\/fr\/projets\/h1n1\/","title":{"rendered":"H1N1"},"content":{"rendered":"\n<div class=\"wp-block-columns is-layout-flex wp-container-core-columns-is-layout-1 wp-block-columns-is-layout-flex\">\n<div class=\"wp-block-column is-layout-flow wp-block-column-is-layout-flow\">\n<figure class=\"wp-block-image size-full\"><a href=\"https:\/\/www.re-check.ch\/wp-content\/uploads\/2024\/02\/H1N1.jpg\"><img loading=\"lazy\" decoding=\"async\" width=\"870\" height=\"1024\" src=\"https:\/\/www.re-check.ch\/wp-content\/uploads\/2024\/02\/H1N1.jpg\" alt=\"\" class=\"wp-image-18408\" srcset=\"https:\/\/www.re-check.ch\/wp-content\/uploads\/2024\/02\/H1N1.jpg 870w, https:\/\/www.re-check.ch\/wp-content\/uploads\/2024\/02\/H1N1-255x300.jpg 255w, https:\/\/www.re-check.ch\/wp-content\/uploads\/2024\/02\/H1N1-768x904.jpg 768w\" sizes=\"(max-width: 870px) 100vw, 870px\" \/><\/a><\/figure>\n<\/div>\n\n\n\n<div class=\"wp-block-column is-layout-flow wp-block-column-is-layout-flow\">\n<p>Que faut-il pour semer la panique et imposer des m\u00e9dicaments et des vaccins mal test\u00e9s? Avant tout, des journalistes et des scientifiques pr\u00eats \u00e0 propager la version la plus terrifiante d\u2019un r\u00e9cit.<\/p>\n\n\n\n<p>En 2010, le fant\u00f4me H1N1, ou \u00abgrippe porcine\u00bb, s&rsquo;est abattu sur la plan\u00e8te et mena\u00e7ait, nous disait-on, de provoquer une h\u00e9catombe. Les m\u00e9dias \u00e9taient d\u00e9j\u00e0 tomb\u00e9s dans ce pi\u00e8ge en 2005, avec la \u00abgrippe aviaire\u00bb (H5N1). En 2010, le sc\u00e9nario a \u00e9t\u00e9 red\u00e9ploy\u00e9, avec force masques et d\u00e9sinfectants. Mais surtout avec des soci\u00e9t\u00e9s pharmaceutiques qui ont d\u00e9croch\u00e9 le gros lot, en convainquant l\u2019Organisation mondiale de la sant\u00e9 et les gouvernements que leurs produits \u00e9taient indispensables.<\/p>\n<\/div>\n<\/div>\n\n\n\n<div style=\"height:31px\" aria-hidden=\"true\" class=\"wp-block-spacer\"><\/div>\n\n\n\n<h2 class=\"wp-block-heading\">Documentaire d\u2019investigation:<\/h2>\n\n\n\n<div class=\"block-accordeon\">\n      <ul class=\"accordion\" data-accordion data-multi-expand=\"true\" data-allow-all-closed=\"true\">\n              \n        <li class=\"accordion-item\" data-accordion-item>\n          <a href=\"#\" class=\"accordion-title\">2010: \u00abIl fantasma della pandemia\u00bb (Le fant\u00f4me de la pand\u00e9mie), par Serena Tinari<\/a>\n          <div class=\"accordion-content\" data-tab-content>\n            <p>Des images terrifiantes venues du Mexique et des conf\u00e9rences de presse quotidiennes o\u00f9 les journalistes ne cessaient de poser des questions \u00e9tranges, telles que \u00abNe faudrait-il pas mettre \u00e0 disposition davantage de sacs mortuaires pour les millions de victimes \u00e0 venir?\u00bb. Le sc\u00e9nario d\u2019une \u00abpand\u00e9mie\u00bb meurtri\u00e8re avait \u00e9t\u00e9 d\u00e9roul\u00e9 pour la premi\u00e8re fois en 2005, avec la \u00abgrippe aviaire\u00bb. Tout est reparti en 2010 avec la \u00abgrippe porcine\u00bb. Avec le recul, ces deux affaires \u00e9clairent de mani\u00e8re crue ce qui s\u2019est pass\u00e9 en 2020-2023 lors de la crise COVID-19. Elles partagent de nombreuses caract\u00e9ristiques: une couverture m\u00e9dias en mode panique, caract\u00e9ris\u00e9e par une profonde ignorance des bases en mati\u00e8re de m\u00e9decine et de sant\u00e9; des gouvernements qui agissent comme des agences de relations publiques pour les soci\u00e9t\u00e9s pharmaceutiques; et la pharma qui r\u00e9alise des gains financiers ahurissants en vendant des m\u00e9dicaments et des vaccins mal test\u00e9s, qui offrent des avantages plut\u00f4t maigres pour la plupart des patients et des effets secondaires pour nombre d\u2019entre eux. La peur d\u2019une pand\u00e9mie repr\u00e9sente un jackpot pour l\u2019industrie, et restera sans doute dans les annales comme un exemple de la situation difficile dans laquelle se met la communaut\u00e9 scientifique et m\u00e9dicale lorsqu\u2019elle accepte de fonctionner entre les mains d\u2019agents tr\u00e8s puissants. La victime? L\u2019int\u00e9r\u00eat public.<\/p>\n<p>Diffus\u00e9 par l\u2019\u00e9mission Fal\u00f2 de la T\u00e9l\u00e9vision suisse RSI (disponible <a href=\"https:\/\/www.rsi.ch\/play\/tv\/-\/video\/il-fantasma-della-pandemia?urn=urn:rsi:video:1768348\" target=\"_blank\" rel=\"noopener\">ici en italien<\/a>) et par l\u2019\u00e9mission Rundschau de SRF (disponible <a href=\"https:\/\/www.srf.ch\/play\/tv\/rundschau\/video\/geschaeft-mit-schweinegrippe?urn=urn:srf:video:69300495-2647-478c-827c-6edd9cf1c77d\" target=\"_blank\" rel=\"noopener\">ici en allemand<\/a>). Une version raccourcie a \u00e9t\u00e9 diffus\u00e9e par l\u2019\u00e9mission Mise au Point de RTS (disponible <a href=\"https:\/\/www.rts.ch\/emissions\/mise-au-point\/2010\/video\/mise-au-point-26350871.html\" target=\"_blank\" rel=\"noopener\">ici en fran\u00e7ais<\/a>). Une transcription avec code temporel en anglais est disponible <a href=\"https:\/\/www.re-check.ch\/wp-content\/uploads\/2025\/01\/2010_RSI-TinariS_The-Phantom-of-Pandemic_EN.pdf\" target=\"_blank\" rel=\"noopener\">ici<\/a>.<\/p>\n          <\/div>\n        <\/li>\n        \n          <\/ul>\n  <\/div>\n\n\n\n\n<h2 class=\"wp-block-heading\">Article:<\/h2>\n\n\n\n<div class=\"block-accordeon\">\n      <ul class=\"accordion\" data-accordion data-multi-expand=\"true\" data-allow-all-closed=\"true\">\n              \n        <li class=\"accordion-item\" data-accordion-item>\n          <a href=\"#\" class=\"accordion-title\">2011: \u00abH1N1. Des experts sous influence\u00bb, par Catherine Riva<\/a>\n          <div class=\"accordion-content\" data-tab-content>\n            <p>Les autorit\u00e9s suisses ont-elles tir\u00e9 les le\u00e7ons de la pand\u00e9mie de \u00abgrippe porcine\u00bb (H1N1)? Les conflits d\u2019int\u00e9r\u00eats non d\u00e9clar\u00e9s des auteurs du rapport d\u2019audit cens\u00e9 faire la lumi\u00e8re sur la gestion de la crise par la Suisse montrent que le doute est permis.<br \/>\n<a href=\"https:\/\/www.re-check.ch\/wp-content\/uploads\/2024\/10\/2011-02-09_LHebdo_H1N1-Des-experts-sous-influence.pdf\" target=\"_blank\" rel=\"noopener\">Publi\u00e9 dans L\u2019Hebdo<\/a>.<\/p>\n          <\/div>\n        <\/li>\n        \n          <\/ul>\n  <\/div>\n\n\n\n\n<p class=\"back\"><a href=\"https:\/\/www.re-check.ch\/fr\/projets\/\" data-type=\"page\" data-id=\"14962\"><i class=\"icofont-rounded-left\"><\/i> retour<\/a><\/p>\n","protected":false},"excerpt":{"rendered":"<p>Que faut-il pour semer la panique et imposer des m\u00e9dicaments et des vaccins mal test\u00e9s? Avant tout, des journalistes et des scientifiques pr\u00eats \u00e0 propager la version la plus terrifiante d\u2019un r\u00e9cit. En 2010, le fant\u00f4me H1N1, ou \u00abgrippe porcine\u00bb, s&rsquo;est abattu sur la plan\u00e8te et mena\u00e7ait, nous disait-on, de provoquer une h\u00e9catombe. Les m\u00e9dias<a class=\"excerpt-read-more\" href=\"https:\/\/www.re-check.ch\/fr\/projets\/h1n1\/\" title=\"ReadH1N1\">&#8230; Read more &raquo;<\/a><\/p>\n","protected":false},"author":2,"featured_media":0,"parent":14962,"menu_order":0,"comment_status":"closed","ping_status":"closed","template":"template-full-width.php","meta":{"_acf_changed":false,"footnotes":""},"class_list":["post-18639","page","type-page","status-publish","hentry"],"acf":[],"_links":{"self":[{"href":"https:\/\/www.re-check.ch\/fr\/wp-json\/wp\/v2\/pages\/18639"}],"collection":[{"href":"https:\/\/www.re-check.ch\/fr\/wp-json\/wp\/v2\/pages"}],"about":[{"href":"https:\/\/www.re-check.ch\/fr\/wp-json\/wp\/v2\/types\/page"}],"author":[{"embeddable":true,"href":"https:\/\/www.re-check.ch\/fr\/wp-json\/wp\/v2\/users\/2"}],"replies":[{"embeddable":true,"href":"https:\/\/www.re-check.ch\/fr\/wp-json\/wp\/v2\/comments?post=18639"}],"version-history":[{"count":9,"href":"https:\/\/www.re-check.ch\/fr\/wp-json\/wp\/v2\/pages\/18639\/revisions"}],"predecessor-version":[{"id":20339,"href":"https:\/\/www.re-check.ch\/fr\/wp-json\/wp\/v2\/pages\/18639\/revisions\/20339"}],"up":[{"embeddable":true,"href":"https:\/\/www.re-check.ch\/fr\/wp-json\/wp\/v2\/pages\/14962"}],"wp:attachment":[{"href":"https:\/\/www.re-check.ch\/fr\/wp-json\/wp\/v2\/media?parent=18639"}],"curies":[{"name":"wp","href":"https:\/\/api.w.org\/{rel}","templated":true}]}}