{"id":18605,"date":"2024-04-02T06:38:33","date_gmt":"2024-04-02T06:38:33","guid":{"rendered":"https:\/\/2023.re-check.ch\/projets\/depistage-du-cancer-du-sein\/"},"modified":"2025-04-17T13:29:40","modified_gmt":"2025-04-17T13:29:40","slug":"depistage-du-cancer-du-sein","status":"publish","type":"page","link":"https:\/\/www.re-check.ch\/fr\/projets\/depistage-du-cancer-du-sein\/","title":{"rendered":"D\u00e9pistage du cancer du sein"},"content":{"rendered":"\n<div class=\"wp-block-columns is-layout-flex wp-container-core-columns-is-layout-1 wp-block-columns-is-layout-flex\">\n<div class=\"wp-block-column is-layout-flow wp-block-column-is-layout-flow\">\n<figure class=\"wp-block-image size-full\"><a href=\"https:\/\/www.re-check.ch\/wp-content\/uploads\/2024\/02\/Breast-Cancer-Screening.jpg\"><img loading=\"lazy\" decoding=\"async\" width=\"650\" height=\"450\" src=\"https:\/\/www.re-check.ch\/wp-content\/uploads\/2024\/02\/Breast-Cancer-Screening.jpg\" alt=\"\" class=\"wp-image-18402\" srcset=\"https:\/\/www.re-check.ch\/wp-content\/uploads\/2024\/02\/Breast-Cancer-Screening.jpg 650w, https:\/\/www.re-check.ch\/wp-content\/uploads\/2024\/02\/Breast-Cancer-Screening-300x208.jpg 300w\" sizes=\"(max-width: 650px) 100vw, 650px\" \/><\/a><\/figure>\n<\/div>\n\n\n\n<div class=\"wp-block-column is-layout-flow wp-block-column-is-layout-flow\">\n<p>Catherine Riva et Serena Tinarie enqu\u00eatent depuis 2011 sur le d\u00e9pistage du cancer du sein par mammographie. <\/p>\n\n\n\n<p>Une vaste enqu\u00eate en cinq volets a \u00e9t\u00e9 publi\u00e9e sur Sept.info en 2014 et 2015, r\u00e9v\u00e9lant le syst\u00e8me opaque et cribl\u00e9 de conflits d\u2019int\u00e9r\u00eats qui s\u2019est construit en Suisse autour de tels programmes. Cette investigation d\u00e9taille les enjeux m\u00e9dicaux, scientifiques, politiques, m\u00e9diatiques, \u00e9conomiques et institutionnels li\u00e9s \u00e0 la promotion de la d\u00e9tection pr\u00e9coce du cancer du sein. Les deux premiers volets ont remport\u00e9 le \u00abPrix M\u00e9dias\u00bb 2014 de l&rsquo;Acad\u00e9mie suisse des sciences m\u00e9dicales.<\/p>\n\n\n\n<p>En avril 2019, un documentaire d\u2019investigation a \u00e9t\u00e9 diffus\u00e9 par la T\u00e9l\u00e9vision suisse RSI dans le cadre de l\u2019\u00e9mission<em> <\/em>Patti Chiari.<\/p>\n<\/div>\n<\/div>\n\n\n\n<div style=\"height:31px\" aria-hidden=\"true\" class=\"wp-block-spacer\"><\/div>\n\n\n\n<h2 class=\"wp-block-heading\">Articles:<\/h2>\n\n\n\n<p>2011-2012: enqu\u00eate et interview dans Femina<\/p>\n\n\n\n<div class=\"block-accordeon\">\n      <ul class=\"accordion\" data-accordion data-multi-expand=\"true\" data-allow-all-closed=\"true\">\n              \n        <li class=\"accordion-item\" data-accordion-item>\n          <a href=\"#\" class=\"accordion-title\">2011: \u201cLe d\u00e9pistage du cancer du sein est-il une bonne mesure?\u201d<\/a>\n          <div class=\"accordion-content\" data-tab-content>\n            <p>Les programmes de d\u00e9pistage du cancer du sein par mammographies sont pr\u00e9sent\u00e9s comme une mesure \u00e9galitaire, qui permet de sauver des vies en traitant au plus t\u00f4t les femmes malades. Mais des \u00e9tudes scientifiques mettent aujourd\u2019hui en doute l\u2019efficacit\u00e9 de la d\u00e9marche. Le point sur une controverse.<\/p>\n<p><a href=\"https:\/\/www.re-check.ch\/wp-content\/uploads\/2025\/04\/2011-09-25_Femina_Depistage-ca-sein.pdf\" target=\"_blank\" rel=\"noopener\">Article<\/a><\/p>\n          <\/div>\n        <\/li>\n        \n              \n        <li class=\"accordion-item\" data-accordion-item>\n          <a href=\"#\" class=\"accordion-title\">2012: \u00abSi le d\u00e9pistage \u00e9tait un m\u00e9dicament, il aurait \u00e9t\u00e9 retir\u00e9\u00bb<\/a>\n          <div class=\"accordion-content\" data-tab-content>\n            <p>Peter G\u00f8tzsche du Centre nordique Cochrane d\u00e9voile dans un livre les dessous peu reluisants de la controverse autour du d\u00e9pistage du cancer du sein par mammographie.<\/p>\n<p><a href=\"https:\/\/www.re-check.ch\/wp-content\/uploads\/2025\/04\/2012-02-26_Femina_Itw-PGotzsche.pdf\" target=\"_blank\" rel=\"noopener\">Article<\/a><\/p>\n          <\/div>\n        <\/li>\n        \n          <\/ul>\n  <\/div>\n\n\n\n\n<h2 class=\"wp-block-heading\">Enqu\u00eate en cinq volets \u00abMammo-business\u00bb<\/h2>\n\n\n\n<p>Parue en 2014-2015, disponible sur Sept.info (acc\u00e8s payant).<\/p>\n\n\n\n<div class=\"block-accordeon\">\n      <ul class=\"accordion\" data-accordion data-multi-expand=\"true\" data-allow-all-closed=\"true\">\n              \n        <li class=\"accordion-item\" data-accordion-item>\n          <a href=\"#\" class=\"accordion-title\">1<sup>er<\/sup> volet: \u201cLes profiteurs du mammo-business\u201d<\/a>\n          <div class=\"accordion-content\" data-tab-content>\n            <p>Le d\u00e9pistage du cancer du sein sauve peut-\u00eatre des vies. Mais c\u2019est surtout un mod\u00e8le d\u2019affaires qui rapporte. Enqu\u00eate sur un syst\u00e8me perclus de conflits d\u2019int\u00e9r\u00eats non d\u00e9clar\u00e9s et d\u2019\u00e9tudes biais\u00e9es.<\/p>\n<p><a href=\"https:\/\/www.sept.info\/mammo-business-14\" target=\"_blank\" rel=\"noopener\">Article<\/a><\/p>\n          <\/div>\n        <\/li>\n        \n              \n        <li class=\"accordion-item\" data-accordion-item>\n          <a href=\"#\" class=\"accordion-title\">2<sup>e<\/sup> volet: \u201cMammo-business: un quart de si\u00e8cle de d\u00e9sinformation\u201d<\/a>\n          <div class=\"accordion-content\" data-tab-content>\n            <p>Le d\u00e9pistage du cancer du sein est b\u00e2ti sur des bases scientifiques douteuses. Il s\u2019est impos\u00e9 gr\u00e2ce \u00e0 l\u2019action d\u2019un lobby, qui a us\u00e9 de moyens non moins douteux pour \u00e9carter toute contestation: menaces, ostracisme et dissimulations<\/p>\n<p><a href=\"https:\/\/www.sept.info\/mammo-business-24\" target=\"_blank\" rel=\"noopener\">Article<\/a><\/p>\n          <\/div>\n        <\/li>\n        \n              \n        <li class=\"accordion-item\" data-accordion-item>\n          <a href=\"#\" class=\"accordion-title\">3<sup>e<\/sup> volet: \u201cLes pouvoirs magiques du \u2018Mammograben\u2019\u201d<\/a>\n          <div class=\"accordion-content\" data-tab-content>\n            <p>Les lobbies pro-d\u00e9pistage ont compris qu\u2019il suffisait de prononcer le mot \u00abMammograben\u00bb pour endormir les m\u00e9dias et trouver des relais politiques. En inventant une Suisse qui n\u2019existe pas, o\u00f9 le cancer du sein tue beaucoup moins de Romandes que d\u2019Al\u00e9maniques par la gr\u00e2ce de la mammographie.<\/p>\n<p><a href=\"https:\/\/www.sept.info\/mammo-business-34\" target=\"_blank\" rel=\"noopener\">Article<\/a><\/p>\n          <\/div>\n        <\/li>\n        \n              \n        <li class=\"accordion-item\" data-accordion-item>\n          <a href=\"#\" class=\"accordion-title\">4<sup>e<\/sup> volet: \u201cMammo-business: les liaisons dangereuses\u201d <\/a>\n          <div class=\"accordion-content\" data-tab-content>\n            <p>Promoteurs du mammo-business, sp\u00e9cialistes du cancer du sein et industrie pharmaceutique ont des int\u00e9r\u00eats convergents par rapport \u00e0 la mammographie. Souvent pr\u00e9sent\u00e9es comme positives et souhaitables, ces proximit\u00e9s se r\u00e9v\u00e8lent en r\u00e9alit\u00e9 pr\u00e9judiciables \u00e0 l\u2019int\u00e9r\u00eat des patientes et au contr\u00f4le d\u00e9mocratique des politiques de sant\u00e9 publique.<\/p>\n<p><a href=\"https:\/\/www.sept.info\/mammo-business-44\" target=\"_blank\" rel=\"noopener\">Article<\/a><\/p>\n          <\/div>\n        <\/li>\n        \n              \n        <li class=\"accordion-item\" data-accordion-item>\n          <a href=\"#\" class=\"accordion-title\">5<sup>e<\/sup> volet: \u201cMammo-business: les profiteurs persistent et signent\u201d<\/a>\n          <div class=\"accordion-content\" data-tab-content>\n            <p>Le d\u00e9pistage du cancer du sein par mammographie refait la Une avec des chiffres encore plus spectaculaires qu\u2019\u00e0 l\u2019accoutum\u00e9e. La source est un nouveau manuel du Centre international de recherche sur le cancer (CIRC) de l\u2019OMS. Au menu: une base scientifique inv\u00e9rifiable et beaucoup de conflits d\u2019int\u00e9r\u00eats.<\/p>\n<p><a href=\"https:\/\/www.sept.info\/mammo-business-profit\" target=\"_blank\" rel=\"noopener\">Article<\/a><\/p>\n          <\/div>\n        <\/li>\n        \n          <\/ul>\n  <\/div>\n\n\n\n\n<h2 class=\"wp-block-heading\">Documentaires d\u2019investigation: <\/h2>\n\n\n\n<div class=\"block-accordeon\">\n      <ul class=\"accordion\" data-accordion data-multi-expand=\"true\" data-allow-all-closed=\"true\">\n              \n        <li class=\"accordion-item\" data-accordion-item>\n          <a href=\"#\" class=\"accordion-title\">2019: \u201cMammografia: serve davvero?\u201d (Le d\u00e9pistage par mammographie est-il vraiment b\u00e9n\u00e9fique?\u00bb)<\/a>\n          <div class=\"accordion-content\" data-tab-content>\n            <p>L\u2019\u00e9mission Patti Chiari de la T\u00e9l\u00e9vision suisse RSI a diffus\u00e9 notre enqu\u00eate \u00abMammografia: serve davvero?\u00bb (Le d\u00e9pistage par mammographie est-il vraiment b\u00e9n\u00e9fique?) dans le cadre d\u2019une \u00e9dition monoth\u00e9matique. Les deux enqu\u00eates explorent les preuves scientifiques derri\u00e8re les programmes de d\u00e9pistage, le niveau d&rsquo;information fourni aux participantes et les parties prenantes d&rsquo;une intervention de sant\u00e9 publique co\u00fbteuse. D\u00e9bat en direct sur r\u00e9sultats de l&rsquo;enqu\u00eate avec Michael Baum et Olivia Pagani, tous deux oncologues. <a href=\"https:\/\/www.rsi.ch\/la1\/programmi\/informazione\/patti-chiari\/Inchieste\/inchieste-andate-in-onda\/Mammografia-serve-davvero--1779989.html\" target=\"_blank\" rel=\"noopener\">Vid\u00e9o en italien<\/a>.<\/p>\n          <\/div>\n        <\/li>\n        \n          <\/ul>\n  <\/div>\n\n\n\n\n<h2 class=\"wp-block-heading\">PODC \u2013 Preventing Overdiagnosis Conference:<\/h2>\n\n\n\n<div class=\"block-accordeon\">\n      <ul class=\"accordion\" data-accordion data-multi-expand=\"true\" data-allow-all-closed=\"true\">\n              \n        <li class=\"accordion-item\" data-accordion-item>\n          <a href=\"#\" class=\"accordion-title\">2017<\/a>\n          <div class=\"accordion-content\" data-tab-content>\n            <p>Lors de la Preventing Overdiagnosis Conference (PODC) 2017, nous avons pr\u00e9sent\u00e9 les r\u00e9sultats de notre enqu\u00eate, intitul\u00e9s \u00abD\u00e9pistage par mammographie, surdiagnostic et conflits d\u2019int\u00e9r\u00eats. Le cas d&rsquo;\u00e9cole des premiers programmes de d\u00e9pistage en Suisse\u00bb. Re-Check.ch a \u00e9galement publi\u00e9 un <a href=\"https:\/\/www.re-check.ch\/fr\/podc2017-f\/\" target=\"_blank\" rel=\"noopener\">article<\/a> d\u00e9taill\u00e9 sur les panels et les contributeurs de la conf\u00e9rence.<\/p>\n          <\/div>\n        <\/li>\n        \n              \n        <li class=\"accordion-item\" data-accordion-item>\n          <a href=\"#\" class=\"accordion-title\">2018<\/a>\n          <div class=\"accordion-content\" data-tab-content>\n            <p>Lors de la Preventing Overdiagnosis Conference (PODC) 2018, nous avons pr\u00e9sent\u00e9 un <a href=\"https:\/\/zenodo.org\/records\/2023152\" target=\"_blank\" rel=\"noopener\">poster<\/a> avec conversation, intitul\u00e9 \u00abGhost Management in Medicine and Public Health\u00bb (Le ghost management en m\u00e9decine et en sant\u00e9 publique) qui incluait une carte sur le d\u00e9pistage par mammographie. L\u2019abstract a \u00e9t\u00e9 publi\u00e9 dans une \u00e9dition sp\u00e9ciale de <strong><em>BMJ-Evidence-Based Medicine<\/em><\/strong>. doi: <a href=\"https:\/\/ebm.bmj.com\/content\/23\/Suppl_2\/A49.3.info\" target=\"_blank\" rel=\"noopener\">10.1136\/bmjebm-2018-111070.105<\/a><\/p>\n          <\/div>\n        <\/li>\n        \n          <\/ul>\n  <\/div>\n\n\n\n\n<p class=\"back\"><a href=\"https:\/\/www.re-check.ch\/fr\/projets\/\" data-type=\"page\" data-id=\"14962\"><i class=\"icofont-rounded-left\"><\/i> retour<\/a><\/p>\n","protected":false},"excerpt":{"rendered":"<p>Catherine Riva et Serena Tinarie enqu\u00eatent depuis 2011 sur le d\u00e9pistage du cancer du sein par mammographie. Une vaste enqu\u00eate en cinq volets a \u00e9t\u00e9 publi\u00e9e sur Sept.info en 2014 et 2015, r\u00e9v\u00e9lant le syst\u00e8me opaque et cribl\u00e9 de conflits d\u2019int\u00e9r\u00eats qui s\u2019est construit en Suisse autour de tels programmes. Cette investigation d\u00e9taille les enjeux<a class=\"excerpt-read-more\" href=\"https:\/\/www.re-check.ch\/fr\/projets\/depistage-du-cancer-du-sein\/\" title=\"ReadD\u00e9pistage du cancer du sein\">&#8230; Read more &raquo;<\/a><\/p>\n","protected":false},"author":2,"featured_media":0,"parent":14962,"menu_order":0,"comment_status":"closed","ping_status":"closed","template":"template-full-width.php","meta":{"_acf_changed":false,"footnotes":""},"class_list":["post-18605","page","type-page","status-publish","hentry"],"acf":[],"_links":{"self":[{"href":"https:\/\/www.re-check.ch\/fr\/wp-json\/wp\/v2\/pages\/18605"}],"collection":[{"href":"https:\/\/www.re-check.ch\/fr\/wp-json\/wp\/v2\/pages"}],"about":[{"href":"https:\/\/www.re-check.ch\/fr\/wp-json\/wp\/v2\/types\/page"}],"author":[{"embeddable":true,"href":"https:\/\/www.re-check.ch\/fr\/wp-json\/wp\/v2\/users\/2"}],"replies":[{"embeddable":true,"href":"https:\/\/www.re-check.ch\/fr\/wp-json\/wp\/v2\/comments?post=18605"}],"version-history":[{"count":9,"href":"https:\/\/www.re-check.ch\/fr\/wp-json\/wp\/v2\/pages\/18605\/revisions"}],"predecessor-version":[{"id":20363,"href":"https:\/\/www.re-check.ch\/fr\/wp-json\/wp\/v2\/pages\/18605\/revisions\/20363"}],"up":[{"embeddable":true,"href":"https:\/\/www.re-check.ch\/fr\/wp-json\/wp\/v2\/pages\/14962"}],"wp:attachment":[{"href":"https:\/\/www.re-check.ch\/fr\/wp-json\/wp\/v2\/media?parent=18605"}],"curies":[{"name":"wp","href":"https:\/\/api.w.org\/{rel}","templated":true}]}}