{"id":18698,"date":"2024-05-22T10:12:30","date_gmt":"2024-05-22T10:12:30","guid":{"rendered":"https:\/\/2023.re-check.ch\/?page_id=18698"},"modified":"2024-10-28T12:31:06","modified_gmt":"2024-10-28T12:31:06","slug":"speeches","status":"publish","type":"page","link":"https:\/\/www.re-check.ch\/en\/resources\/speeches\/","title":{"rendered":"Speeches"},"content":{"rendered":"\n<div class=\"wp-block-columns is-layout-flex wp-container-core-columns-is-layout-1 wp-block-columns-is-layout-flex\">\n<div class=\"wp-block-column is-layout-flow wp-block-column-is-layout-flow\">\n<figure class=\"wp-block-image size-full\"><a href=\"https:\/\/www.re-check.ch\/wp-content\/uploads\/2024\/05\/speeches.jpg\"><img loading=\"lazy\" decoding=\"async\" width=\"837\" height=\"678\" src=\"https:\/\/www.re-check.ch\/wp-content\/uploads\/2024\/05\/speeches.jpg\" alt=\"\" class=\"wp-image-18699\" srcset=\"https:\/\/www.re-check.ch\/wp-content\/uploads\/2024\/05\/speeches.jpg 837w, https:\/\/www.re-check.ch\/wp-content\/uploads\/2024\/05\/speeches-300x243.jpg 300w, https:\/\/www.re-check.ch\/wp-content\/uploads\/2024\/05\/speeches-768x622.jpg 768w\" sizes=\"(max-width: 837px) 100vw, 837px\" \/><\/a><\/figure>\n<\/div>\n\n\n\n<div class=\"wp-block-column is-layout-flow wp-block-column-is-layout-flow\">\n<p>We are often invited to give public speeches and to join conferences as speakers, in Switzerland and in other countries. The topics are those that lay at the core of Re-Check&#8217;s mission: how to investigate health and medicine; how to perform a critical assessment of clinical studies and regulatory documents; where to find the best available evidence on drugs, vaccines and other medical interventions; how to find and put into context undisclosed conflicts of interest, and what to make out of the declared ones; ghost management and the craft of mapping the issues and affairs of public health and medicine. &nbsp;<\/p>\n<\/div>\n<\/div>\n\n\n\n<div style=\"height:31px\" aria-hidden=\"true\" class=\"wp-block-spacer\"><\/div>\n\n\n\n<p><strong>28 June 2023<\/strong>  We participated to the 6<sup>th<\/sup> International Conference on Public Policy (ICPP6). The recording of our presentation \u201cGhost management at work. How to investigate and map health affairs\u201d is available, along with the other panels, <a href=\"https:\/\/carleton.ca\/ghostmanagement\/events-page-2-2\/-2\/\" target=\"_blank\" rel=\"noreferrer noopener\">here<\/a>.<\/p>\n\n\n\n<p><strong>21-25 November 2022<\/strong> Re-Check participated with a panel to the international congress \u201c<a href=\"https:\/\/www.libera-scelta.it\/policovid22\/\" target=\"_blank\" rel=\"noreferrer noopener\">POLI-COVID-22<\/a><em> <\/em>Salute, Scienza e Societ\u00e0 alla prova della pandemia\u201d, which took place in Turin (Italy). Among the international speakers: John Ioannidis, Tom Jefferson, Peter Doshi, Sunetra Gupta. Available online in open access: <a href=\"https:\/\/www.libera-scelta.it\/policovid22\/wp-content\/uploads\/2022\/11\/Programma-relatori-e-titoli.pdf\" target=\"_blank\" rel=\"noreferrer noopener\">program<\/a> and <a href=\"https:\/\/www.youtube.com\/playlist?list=PLrNskk-dIPmL-LEwC63mBQE-OP2CqfUpo\" target=\"_blank\" rel=\"noreferrer noopener\">recordings<\/a>.<\/p>\n\n\n\n<p><strong>October 2022<\/strong> Serena Tinari participated to the conference \u201cPandemia &amp; (dis)Informazione\u201d (Pandemic &amp; (dis)information), that took place in Trieste (IT) and was organised by the <a href=\"https:\/\/www.comitatoradiotv.it\/\" target=\"_blank\" rel=\"noreferrer noopener\">Comitato<\/a> di Mutuo Appoggio Lavoratori Radio-TV. Recording available <a href=\"https:\/\/www.youtube.com\/watch?v=OtaZNWUHrvk\" target=\"_blank\" rel=\"noreferrer noopener\">here<\/a> (in Italian). \u00a0<\/p>\n\n\n\n<p><strong>22 June 2022<\/strong> We opened with a key note speech the training module for Italian journalists \u201c<a href=\"https:\/\/www.inmp.it\/ita\/Formazione\/Corsi-per-giornalisti\/Le-mie-evidenze-le-tue-evidenze-e-le-evidenze\" target=\"_blank\" rel=\"noreferrer noopener\">Le mie evidenze, le tue evidenze e le evidenze<\/a>\u201d, organised by <a href=\"https:\/\/www.inmp.it\/ita\/Chi-Siamo\" target=\"_blank\" rel=\"noreferrer noopener\">INMP \/ NIHP<\/a> with the patronage of the <a href=\"https:\/\/www.odg.it\/\" target=\"_blank\" rel=\"noreferrer noopener\">Italian National Journalism Board<\/a>. Recordings are available <a href=\"https:\/\/www.inmp.it\/ita\/Formazione\/Corsi-per-giornalisti\/Le-mie-evidenze-le-tue-evidenze-e-le-evidenze\/Video-interventi\" target=\"_blank\" rel=\"noreferrer noopener\">here<\/a>.<\/p>\n\n\n\n<p><strong>7 May 2022<\/strong> Serena Tinari was the key note speaker at the <a href=\"https:\/\/www.usi.ch\/en\/feeds\/20434\" target=\"_blank\" rel=\"noreferrer noopener\">Dies Academicus of USI university<\/a> in Lugano. Her speech: \u201cJournalism, academia and society. In crisis mode\u201d.<\/p>\n\n\n\n<p><strong>27-29 April 2022<\/strong> We participated to the symposium \u201cAnalyzing Ghost-management: Dynamics of Corporate Power in a Risk Society\u201d. The recording of our presentation \u201cMapping Ghost-Management at Work in the Biopharmaceutical Sector, Public Health, and the Surveillance-Industrial Complex\u201d  is available, along with the other panels, <a href=\"https:\/\/carleton.ca\/ghostmanagement\/events-page-2\/\" target=\"_blank\" rel=\"noreferrer noopener\">here<\/a>.<\/p>\n\n\n\n<p><strong>2-4 November 2021<\/strong> Catherine Riva and Serena Tinari organised and spoke at two panels about tips and tools for <a href=\"https:\/\/gijn.org\/2021\/11\/10\/covid-19-health-pharma-investigations\/\" target=\"_blank\" rel=\"noreferrer noopener\">Investigating health and medicine<\/a> for the <a href=\"https:\/\/gijn.org\/category\/gijc21\/\" target=\"_blank\" rel=\"noreferrer noopener\">2021 Global Investigative Journalism Conference (GIJC)<\/a>.<\/p>\n\n\n\n<p><strong>15 October 2021<\/strong> At <a href=\"https:\/\/www.skup.no\/\" target=\"_blank\" rel=\"noreferrer noopener\">Data-SKUP<\/a> conference in Oslo (N), Serena Tinari was the key note speaker for the <a href=\"https:\/\/skuppandemicmasterclass2021.sched.com\/\" target=\"_blank\" rel=\"noreferrer noopener\">Pandemic Masterclass<\/a>.<\/p>\n\n\n\n<p><strong>1 December 2020<\/strong> Catherine Riva joined the debate \u201cLes medias g\u00e9n\u00e9ralistes \u00e0 l\u2019\u00e8re du COVID-19. Entre devoir d\u2019information et complaisance: enjeux, contraintes et enseignements \u00e0 tirer\u201d (Mainstream media in the era of COVID-19. Between duty to inform and complacency: challenges, constraints, and lessons to be learned). With Etienne Kocher (journalist, Swiss public TV RTS). Hosted by AESSP, ESSOPOL Section, and ASSOPOL Alumni. University of Lausanne, Lausanne (CH). <a href=\"https:\/\/www.facebook.com\/AssopolAlumni\/videos\/conf%C3%A9rence-les-m%C3%A9dias-g%C3%A9n%C3%A9ralistes-%C3%A0-l%C3%A8re-du-covid-19\/185623299876547\/\" target=\"_blank\" rel=\"noreferrer noopener\">Watch<\/a>.<\/p>\n\n\n\n<p><strong>26 November 2020<\/strong> Serena Tinari <a href=\"https:\/\/conferentie.vvoj.org\/keynote-1-serena-tinari\/\" target=\"_blank\" rel=\"noreferrer noopener\">keynote on the pitfalls of pandemic journalism<\/a> opened the Dutch-Flemish Association for Investigative Journalism (VVOJ) online <a href=\"https:\/\/conferentie.vvoj.org\/\" target=\"_blank\" rel=\"noreferrer noopener\">conference<\/a>.<\/p>\n\n\n\n<p><strong>8-11 October 2020<\/strong> Panel \u201c<a href=\"https:\/\/dig-awards.org\/covid-19-narrazione-ricerca-e-inchiesta-sui-temi-della-medicina-e-della-salute-pubblica\/\" target=\"_blank\" rel=\"noreferrer noopener\">COVID-19: narrazione, ricerca e inchiesta<\/a> sui temi della medicina e della salute pubblica (COVID-19: narrative, research and investigation on the topic of medicine and public health)\u201d by Serena Tinari and Francesca Sironi. <a href=\"https:\/\/dig-awards.org\/en\/\" target=\"_blank\" rel=\"noreferrer noopener\">DIG investigative film festival<\/a>, Modena (I).<\/p>\n\n\n\n<p><strong>29 September 2020<\/strong> Presentation by Catherine Riva at CINQ \u00c0 SEPT \u201c<a href=\"https:\/\/www.ecolelasource.ch\/evenement\/cinq-a-sept-re-check\/\" target=\"_blank\" rel=\"noreferrer noopener\">Re-Check: les coulisses des affaires de sant\u00e9 comme vous ne les avez jamais vues<\/a>&#8221; (Re-Check: Snoop in the backstage of public health affairs and issues) organized by the nurses\u2019 accredited Swiss training center Institut et Haute Ecole de la Sant\u00e9 La Source. Lausanne (CH).<\/p>\n\n\n\n<p><strong>8-10 September 2020<\/strong> Serena Tinari organised and hosted the Health Track at DataHarvest Digital, the European Investigative Journalism Conference held for once online: <a href=\"https:\/\/dataharvest.eu\/2020\/08\/30\/reporting-on-public-health-in-the-corona-crisis\/\" target=\"_blank\" rel=\"noreferrer noopener\">Reporting on public health in the corona-crisis<\/a>.<\/p>\n\n\n\n<p><strong>16 November 2019<\/strong> Catherine Riva joined the conference <a href=\"https:\/\/www.planetesante.ch\/salon\/Conferences\/Scandales-medicaux\" target=\"_blank\" rel=\"noreferrer noopener\">&#8220;Medical scandals: the role of journalists and whistleblowers&#8221;<\/a> at the <a href=\"https:\/\/www.planetesante.ch\/salon\" target=\"_blank\" rel=\"noreferrer noopener\">Health Trade Fair <\/a>organized by Plan\u00e8te Sant\u00e9. Panel discussion with Christophe Ungar (journalist, Swiss public TV RTS) and Prof. Olivier Lamy (CHUV), moderated by Isabelle Moncada (journalist RTS). CERM Martigny (CH).<\/p>\n\n\n\n<p><strong>7-9 October 2019<\/strong> Catherine Riva joined the <a href=\"https:\/\/cebm.net\/4es\/\" target=\"_blank\" rel=\"noreferrer noopener\">4Es Forum &#8220;Improving the detection, analysis and reporting of harms in medicines&#8221;<\/a>, a <a href=\"https:\/\/www.re-check.ch\/en\/erice-2\/\" target=\"_blank\" rel=\"noreferrer noopener\">three-day workshop<\/a> organised and sponsored by the Centre for Evidence-Based Medicine (<a href=\"https:\/\/www.cebm.net\/\" target=\"_blank\" rel=\"noreferrer noopener\">CEBM Oxford<\/a>) and by <a href=\"https:\/\/www.who-umc.org\/\" target=\"_blank\" rel=\"noreferrer noopener\">Uppsala Monitoring Centre<\/a>, the WHO\u2019s Programme for International Drug Monitoring. At the session \u201cPotential solutions to the problems of pre-marketing approvals\u201d, Catherine spoke about Re-Check findings on ghost management and capture at work during the HPV vaccine approval and about Re-Check&#8217;s on-going research project on ghost management (GhoMan \u2013 Chasing the Ghosts). Ettore Majorana Foundation and Centre for Scientific Culture, Erice (I).<\/p>\n\n\n\n<p><strong>25-29 September 2019<\/strong> At the <a href=\"https:\/\/gijc2019.org\" target=\"_blank\" rel=\"noreferrer noopener\">Global Investigative Journalism Conference 2019<\/a> (GIJC19) two Re-Check presentations by Serena Tinari: an half-day workshop organized by <a href=\"https:\/\/www.cfi.fr\/en\/programs\/media-development\" target=\"_blank\" rel=\"noreferrer noopener\">CFI<\/a>, the French government media development agency, and GIJN\u2019s <a href=\"https:\/\/whova.com\/embedded\/session\/globa_201909\/747141\/\" target=\"_blank\" rel=\"noreferrer noopener\">Investigating Health and Medicine \u2013 Tips &amp; Techniques (1)<\/a>. At GIJC19 was launched <a href=\"https:\/\/www.cfi.fr\/en\/project\/medialab-investigation\" target=\"_blank\" rel=\"noreferrer noopener\">#M\u00e9diaLabInvestigation<\/a>, a new CFI project to support the specialization of investigative journalists in the field of health and the production of quality investigations. Re-Check is excited to be involved in the project to provide consultancy, training and mentorship in collaboration with Tunisian investigative journalist <a href=\"https:\/\/www.linkedin.com\/in\/hanene-zbiss-zbiss-7538b5167\/\" target=\"_blank\" rel=\"noreferrer noopener\">Hanene Zbiss Zbiss<\/a>. At GIJC19 Serena contributed also to the \u201cDocumentaries Track\u201d with the panels <a href=\"https:\/\/whova.com\/embedded\/session\/globa_201909\/747140\/\" target=\"_blank\" rel=\"noreferrer noopener\">How to Finance Your Investigative Documentary<\/a>, <a href=\"https:\/\/whova.com\/embedded\/session\/globa_201909\/747200\/\" target=\"_blank\" rel=\"noreferrer noopener\">Pitching Your Documentary Idea<\/a> and the coaching session <a href=\"https:\/\/whova.com\/embedded\/session\/globa_201909\/747284\/\" target=\"_blank\" rel=\"noreferrer noopener\">Meet the Mentor<\/a>. Hamburg (D).<\/p>\n\n\n\n<p><strong>4 July 2019<\/strong> Keynote by Serena Tinari \u201cEvidence-Based Medicine and muckraking: investigating health and medicine\u201d. <a href=\"https:\/\/news.unil.ch\/display?id=1561713685059\" target=\"_blank\" rel=\"noreferrer noopener\">Congr\u00e8s de l\u2019immersion communautaire<\/a>, Faculty of Medicine, Lausanne University, Lausanne (CH).\u00a0<\/p>\n\n\n\n<p><strong>16-19 May 2019<\/strong> European Investigative Journalism Conference Dataharvest. Panels by Serena Tinari:\u201c<a href=\"https:\/\/sched.co\/NXsi\" target=\"_blank\" rel=\"noreferrer noopener\">Be a better health and medicine reporter<\/a>\u201d and \u201c<a href=\"https:\/\/sched.co\/NTEZ\" target=\"_blank\" rel=\"noreferrer noopener\">Safety when crossing borders<\/a>\u201d; Serena also moderated the debates \u201c<a href=\"https:\/\/sched.co\/OFuU\" target=\"_blank\" rel=\"noreferrer noopener\">How to apply for work grants \u2013 meet the right funder<\/a>\u201d and \u201c<a href=\"https:\/\/sched.co\/OUoZ\" target=\"_blank\" rel=\"noreferrer noopener\">Journalism with a cause \u2013 about journalism versus advocacy\u201d<\/a>. Mechelen (B).<\/p>\n\n\n\n<p><strong>20 May 2019<\/strong> Presentation by Catherine Riva \u201cHPV vaccines \u2013 EBM and investigations\u201d. On invitation by the research team for evaluation and modeling of therapeutics effects (<a href=\"http:\/\/lbbe.univ-lyon1.fr\/-Equipe-Evaluation-et-Modelisation-.html?lang=fr\" target=\"_blank\" rel=\"noreferrer noopener\">Equipe Evaluation et mod\u00e9lisation des effets th\u00e9rapeutiques<\/a>), Prof. R\u00e9my Boussageon, Prof. Michel Cucherat and Prof Fran\u00e7ois Gueyffier. Clinical Pharmacology department \u2013 UMR 5558, Faculty of Medicine Laennec, University of Lyon 1, Lyon (F).<\/p>\n\n\n\n<p><strong>6 May 2019<\/strong> Presentation by Catherine Riva \u201cInvestigating and mapping ghost management at work: the case of HPV vaccines\u201d. Summer Institute 2019 \u201c<a href=\"https:\/\/www.concordia.ca\/artsci\/sdbi\/summer-institute.html\" target=\"_blank\" rel=\"noreferrer noopener\">Feminist Activism and the Health Industries\u201d<\/a>, Simone de Beauvoir Institute, Concordia University, Montreal (CND).<\/p>\n\n\n\n<p><strong>29 March 2019<\/strong> Panel by Serena Tinari \u201cTa en grundig helsesjekk! (Take a thorough health check!)\u201d. Yearly investigative journalism conference of <a href=\"https:\/\/www.skup.no\/\" target=\"_blank\" rel=\"noreferrer noopener\">SKUP<\/a> (Association for critical and investigative press). Oslo (N).<\/p>\n\n\n\n<p><strong>12 March 2019<\/strong> Lecture by Catherine Riva \u201cCommuniqu\u00e9 de presse: susciter l\u2019int\u00e9r\u00eat des m\u00e9dias \u2013 et endormir leur attention?\u201d (Press releases. Raise media interest, and let their awareness fade?), for the Certificate of Advanced Studies <a href=\"https:\/\/www.unige.ch\/formcont\/cours\/promosante\" target=\"_blank\" rel=\"noreferrer noopener\">CAS Promotion de la sant\u00e9 et sant\u00e9 communautaire<\/a> organised by the Institute of Global Health, Faculty of Medicine, University of Geneva, Geneva (CH).<\/p>\n\n\n\n<p><strong>8 January 2019<\/strong> Presentation by Catherine Riva \u201cOverdiagnosis and Too Much Medicine. Take-home messages from the #PODC2018 conference\u201d. Service of Clinical Pharmacology, Lausanne University Hospital CHUV, Lausanne (CH).<\/p>\n\n\n\n<p><strong>20-22 August 2018<\/strong> The poster <a href=\"https:\/\/zenodo.org\/record\/2023152#.XWOS9q2B0UF\" target=\"_blank\" rel=\"noreferrer noopener\">Mapping Ghost Management in Medical Research and Public Health<\/a> by Catherine Riva and Serena Tinari was presented at the Preventing Overdiagnosis Conference <a href=\"https:\/\/www.preventingoverdiagnosis.net\/?page_id=1677\" target=\"_blank\" rel=\"noreferrer noopener\">#PODC2018<\/a>, Copenhagen (DK).<\/p>\n\n\n\n<p><strong>5 June 2018<\/strong> Lecture by Catherine Riva \u201cCommuniqu\u00e9 de presse: susciter l\u2019int\u00e9r\u00eat des m\u00e9dias \u2013 et endormir leur attention?\u201d (Press releases. Raise media interest, and let their awareness fade?), for the Certificate of Advanced Studies <a href=\"https:\/\/www.unige.ch\/formcont\/cours\/promosante\" target=\"_blank\" rel=\"noreferrer noopener\">CAS Promotion de la sant\u00e9 et sant\u00e9 communautaire<\/a> organised by the Institute of Global Health, Faculty of Medicine, University of Geneva, Geneva (CH).<\/p>\n\n\n\n<p><strong>24-27 May 2018<\/strong> European Investigative Journalism Conference Dataharvest. Panels \u201c<a href=\"https:\/\/www.re-check.ch\/en\/dataharvest2018\/\" target=\"_blank\" rel=\"noreferrer noopener\">Be a Better Health and Medicine Reporter<\/a>\u201d and \u201c<a href=\"https:\/\/sched.co\/ETC9\">Mining medicines procurement: Let\u2019s talk about pharma &amp; public tenders<\/a>\u201d by Catherine Riva and Serena Tinari. Moderation by Serena Tinari of the debate \u201c<a href=\"https:\/\/sched.co\/Eqj3\" target=\"_blank\" rel=\"noreferrer noopener\">Journalism with a cause and journalism funded by interest organisations: Business model or grey-zone?<\/a>\u201d and the workshop \u201c<a href=\"https:\/\/sched.co\/ETC0\" target=\"_blank\" rel=\"noreferrer noopener\">Travel Opsec for journalists<\/a>\u201d. Mechelen (B).<\/p>\n\n\n\n<p><strong>16-19 November 2017<\/strong> Panels by Serena Tinari \u201c<a href=\"https:\/\/sched.co\/CWzG\" target=\"_blank\" rel=\"noreferrer noopener\">Investigating Health \u2013 global issues<\/a>\u201d and \u201c<a href=\"https:\/\/sched.co\/CWzU\" target=\"_blank\" rel=\"noreferrer noopener\">Encryption<\/a>\u201d. Global Investigative Journalism Conference GIJC, Johannesburg (ZAF).<\/p>\n\n\n\n<p><strong>28 September 2017 <\/strong>Presentation by Catherine Riva \u201cPreventing overdiagnosis: take-home messages from the #PODC2017 conference\u201d. Service of Clinical Pharmacology, Lausanne University Hospital CHUV, Lausanne (CH).<\/p>\n\n\n\n<p><strong>17-19 August 2017<\/strong> Presentation by Catherine Riva \u201c<a href=\"https:\/\/www.re-check.ch\/fr\/podc2017-f\/\" target=\"_blank\" rel=\"noreferrer noopener\">Mammography screening, overdiagnosis and conflicts of interest. The textbook case of the first screening programs in Switzerland<\/a>\u201d. Preventing Overdiagnosis Conference <a href=\"https:\/\/www.preventingoverdiagnosis.net\/?page_id=1419\" target=\"_blank\" rel=\"noreferrer noopener\">#PODC2017<\/a>, Qu\u00e9bec (CND).<\/p>\n\n\n\n<p><strong>2-3 June 2017<\/strong> \u201cComputer-assisted and crossborder investigative journalism\u201d training module led by Serena Tinari. <a href=\"https:\/\/corsodigiornalismo.ch\" target=\"_blank\" rel=\"noreferrer noopener\">Corso di giornalismo della Svizzera italiana<\/a>, Lugano (CH).<\/p>\n\n\n\n<p><strong>22 May 2017<\/strong> <a href=\"https:\/\/www.re-check.ch\/en\/the-crossroads-between-evidence-based-medicine-and-investigation\/\" target=\"_blank\" rel=\"noreferrer noopener\">Flash School Day<\/a>, a training session by Re-Check in collaboration with Sept.info and Impressum. University of Fribourg, Fribourg (CH).<\/p>\n\n\n\n<p><strong>9 May 2017<\/strong> Presentation by Catherine Riva \u201cInvestigating health and medicine\u201d for the series \u201c<a href=\"http:\/\/les4vents.weebly.com\/uploads\/9\/9\/1\/2\/99120830\/21_impossible_c.pdf\" target=\"_blank\" rel=\"noreferrer noopener\">A l\u2019impossible, nul n\u2019est tenu. R\u00e9cits de r\u00eaves, d\u2019audace et d\u2019exploits\u201d <\/a>organized by Les 4 Vents, a students body of the University of Fribourg, Fribourg (CH).<\/p>\n\n\n\n<p><strong>25 April 2017<\/strong> Lecture by Catherine Riva \u201cCommuniqu\u00e9 de presse: susciter l\u2019int\u00e9r\u00eat des m\u00e9dias \u2013 et endormir leur attention?\u201d (Press releases. Raise media interest, and let their awareness fade?), for the Certificate of Advanced Studies <a href=\"https:\/\/www.unige.ch\/formcont\/cours\/promosante\" target=\"_blank\" rel=\"noreferrer noopener\">CAS Promotion de la sant\u00e9 et sant\u00e9 communautaire<\/a> organized by the Institute of Global Health, Faculty of Medicine, University of Geneva, Geneva (CH).<\/p>\n\n\n\n<p class=\"back\"><a href=\"https:\/\/www.re-check.ch\/en\/resources\/\"><i class=\"icofont-rounded-left\"><\/i> back<\/a><\/p>\n","protected":false},"excerpt":{"rendered":"<p>We are often invited to give public speeches and to join conferences as speakers, in Switzerland and in other countries. The topics are those that lay at the core of Re-Check&#8217;s mission: how to investigate health and medicine; how to perform a critical assessment of clinical studies and regulatory documents; where to find the best<a class=\"excerpt-read-more\" href=\"https:\/\/www.re-check.ch\/en\/resources\/speeches\/\" title=\"ReadSpeeches\">&#8230; Read more &raquo;<\/a><\/p>\n","protected":false},"author":2,"featured_media":0,"parent":18288,"menu_order":0,"comment_status":"closed","ping_status":"closed","template":"template-full-width.php","meta":{"_acf_changed":false,"footnotes":""},"class_list":["post-18698","page","type-page","status-publish","hentry"],"acf":[],"_links":{"self":[{"href":"https:\/\/www.re-check.ch\/en\/wp-json\/wp\/v2\/pages\/18698"}],"collection":[{"href":"https:\/\/www.re-check.ch\/en\/wp-json\/wp\/v2\/pages"}],"about":[{"href":"https:\/\/www.re-check.ch\/en\/wp-json\/wp\/v2\/types\/page"}],"author":[{"embeddable":true,"href":"https:\/\/www.re-check.ch\/en\/wp-json\/wp\/v2\/users\/2"}],"replies":[{"embeddable":true,"href":"https:\/\/www.re-check.ch\/en\/wp-json\/wp\/v2\/comments?post=18698"}],"version-history":[{"count":6,"href":"https:\/\/www.re-check.ch\/en\/wp-json\/wp\/v2\/pages\/18698\/revisions"}],"predecessor-version":[{"id":19881,"href":"https:\/\/www.re-check.ch\/en\/wp-json\/wp\/v2\/pages\/18698\/revisions\/19881"}],"up":[{"embeddable":true,"href":"https:\/\/www.re-check.ch\/en\/wp-json\/wp\/v2\/pages\/18288"}],"wp:attachment":[{"href":"https:\/\/www.re-check.ch\/en\/wp-json\/wp\/v2\/media?parent=18698"}],"curies":[{"name":"wp","href":"https:\/\/api.w.org\/{rel}","templated":true}]}}